{"id":5093,"date":"2024-04-18T21:20:01","date_gmt":"2024-04-18T19:20:01","guid":{"rendered":"https:\/\/esmfoundation.org\/?page_id=5093"},"modified":"2025-12-09T15:36:03","modified_gmt":"2025-12-09T14:36:03","slug":"unser-team","status":"publish","type":"page","link":"https:\/\/esmfoundation.org\/de\/unser-team\/","title":{"rendered":"Unser Team"},"content":{"rendered":"\n<h2 class=\"wp-block-heading\">Management<\/h2>\n\n\n\n<div class=\"wp-block-columns is-layout-flex wp-container-core-columns-is-layout-1 wp-block-columns-is-layout-flex\">\n<div class=\"wp-block-column is-vertically-aligned-center is-layout-flow wp-block-column-is-layout-flow\" style=\"flex-basis:33.33%\"><div class=\"wp-block-image is-style-rounded\">\n<figure class=\"aligncenter size-full is-resized\"><img loading=\"lazy\" decoding=\"async\" width=\"795\" height=\"796\" src=\"https:\/\/esmfoundation.org\/wp-content\/uploads\/2024\/12\/Alessa-Hool-1-2.jpeg\" alt=\"\" class=\"wp-image-5536\" style=\"width:250px;height:auto\" srcset=\"https:\/\/esmfoundation.org\/wp-content\/uploads\/2024\/12\/Alessa-Hool-1-2.jpeg 795w, https:\/\/esmfoundation.org\/wp-content\/uploads\/2024\/12\/Alessa-Hool-1-2-300x300.jpeg 300w, https:\/\/esmfoundation.org\/wp-content\/uploads\/2024\/12\/Alessa-Hool-1-2-150x150.jpeg 150w, https:\/\/esmfoundation.org\/wp-content\/uploads\/2024\/12\/Alessa-Hool-1-2-768x769.jpeg 768w, https:\/\/esmfoundation.org\/wp-content\/uploads\/2024\/12\/Alessa-Hool-1-2-400x400.jpeg 400w\" sizes=\"(max-width: 795px) 100vw, 795px\" \/><\/figure><\/div><\/div>\n\n\n\n<div class=\"wp-block-column is-vertically-aligned-center is-layout-flow wp-block-column-is-layout-flow\" style=\"flex-basis:66.66%\">\n<h3 class=\"wp-block-heading\">Alessandra Hool<\/h3>\n\n\n\n<p>Alessandra Hool (MSc, MAS) studierte Wissenschaftstheorie und Wissenschaftsgeschichte und Projektmanagement an den Universit\u00e4ten Bern, Schweiz, und Salford, Grossbritannien, sowie International Law and Economics am World Trade Institutes (WTI) der Universit\u00e4t Bern. Sie arbeitete als Projektleiterin f\u00fcr verschiedene europ\u00e4ische und Schweizer Forschungs- und Entwicklungsprojekte, in denen sie insbesondere f\u00fcr Entwicklung, Zusammenarbeit und Verbreitung neuer F&amp;E-Bereiche durch interdisziplin\u00e4re Veranstaltungen und die Promotion neuer Partnerschaften zust\u00e4ndig war. Alessa arbeitet seit 2013 f\u00fcr den ESM und ist seit April 2017 die Gesch\u00e4ftsf\u00fchrerin der Stiftung. In dieser Funktion entwickelt und koordiniert sie nationale und internationale Projekte und Partnerschaften zum Thema kritische Rohstoffe und einem nachhaltigeren Umgang mit ihnen.<\/p>\n\n\n\n<ul class=\"wp-block-social-links has-normal-icon-size has-icon-color has-icon-background-color is-style-default is-horizontal is-content-justification-right is-layout-flex wp-container-core-social-links-is-layout-1 wp-block-social-links-is-layout-flex\"><li style=\"color: #ffffff; background-color: #f2cea2; \" class=\"wp-social-link wp-social-link-mail has-white-color wp-block-social-link\"><a rel=\"noopener nofollow\" target=\"_blank\" href=\"mailto:&#097;&#108;e&#115;s&#097;ndr&#097;.&#104;oo&#108;&#064;es&#109;&#102;&#111;&#117;&#110;datio&#110;&#046;org\" class=\"wp-block-social-link-anchor\"><svg width=\"24\" height=\"24\" viewBox=\"0 0 24 24\" version=\"1.1\" xmlns=\"http:\/\/www.w3.org\/2000\/svg\" aria-hidden=\"true\" focusable=\"false\"><path d=\"M19,5H5c-1.1,0-2,.9-2,2v10c0,1.1.9,2,2,2h14c1.1,0,2-.9,2-2V7c0-1.1-.9-2-2-2zm.5,12c0,.3-.2.5-.5.5H5c-.3,0-.5-.2-.5-.5V9.8l7.5,5.6,7.5-5.6V17zm0-9.1L12,13.6,4.5,7.9V7c0-.3.2-.5.5-.5h14c.3,0,.5.2.5.5v.9z\"><\/path><\/svg><span class=\"wp-block-social-link-label screen-reader-text\">Mail<\/span><\/a><\/li>\n\n<li style=\"color: #ffffff; background-color: #f2cea2; \" class=\"wp-social-link wp-social-link-linkedin has-white-color wp-block-social-link\"><a rel=\"noopener nofollow\" target=\"_blank\" href=\"https:\/\/www.linkedin.com\/in\/alessandra-hool-9a594597\/\" class=\"wp-block-social-link-anchor\"><svg width=\"24\" height=\"24\" viewBox=\"0 0 24 24\" version=\"1.1\" xmlns=\"http:\/\/www.w3.org\/2000\/svg\" aria-hidden=\"true\" focusable=\"false\"><path d=\"M19.7,3H4.3C3.582,3,3,3.582,3,4.3v15.4C3,20.418,3.582,21,4.3,21h15.4c0.718,0,1.3-0.582,1.3-1.3V4.3 C21,3.582,20.418,3,19.7,3z M8.339,18.338H5.667v-8.59h2.672V18.338z M7.004,8.574c-0.857,0-1.549-0.694-1.549-1.548 c0-0.855,0.691-1.548,1.549-1.548c0.854,0,1.547,0.694,1.547,1.548C8.551,7.881,7.858,8.574,7.004,8.574z M18.339,18.338h-2.669 v-4.177c0-0.996-0.017-2.278-1.387-2.278c-1.389,0-1.601,1.086-1.601,2.206v4.249h-2.667v-8.59h2.559v1.174h0.037 c0.356-0.675,1.227-1.387,2.526-1.387c2.703,0,3.203,1.779,3.203,4.092V18.338z\"><\/path><\/svg><span class=\"wp-block-social-link-label screen-reader-text\">LinkedIn<\/span><\/a><\/li><\/ul>\n<\/div>\n<\/div>\n\n\n\n<div style=\"height:60px\" aria-hidden=\"true\" class=\"wp-block-spacer\"><\/div>\n\n\n\n<div class=\"wp-block-columns is-layout-flex wp-container-core-columns-is-layout-2 wp-block-columns-is-layout-flex\">\n<div class=\"wp-block-column is-vertically-aligned-center is-layout-flow wp-block-column-is-layout-flow\" style=\"flex-basis:33.33%\"><div class=\"wp-block-image is-style-rounded\">\n<figure class=\"aligncenter size-full is-resized\"><img loading=\"lazy\" decoding=\"async\" width=\"1920\" height=\"1440\" src=\"https:\/\/esmfoundation.org\/wp-content\/uploads\/2025\/05\/Julia-Bock.jpg\" alt=\"\" class=\"wp-image-5664\" style=\"aspect-ratio:1;object-fit:cover;width:250px;height:auto\" srcset=\"https:\/\/esmfoundation.org\/wp-content\/uploads\/2025\/05\/Julia-Bock.jpg 1920w, https:\/\/esmfoundation.org\/wp-content\/uploads\/2025\/05\/Julia-Bock-300x225.jpg 300w, https:\/\/esmfoundation.org\/wp-content\/uploads\/2025\/05\/Julia-Bock-1024x768.jpg 1024w, https:\/\/esmfoundation.org\/wp-content\/uploads\/2025\/05\/Julia-Bock-768x576.jpg 768w, https:\/\/esmfoundation.org\/wp-content\/uploads\/2025\/05\/Julia-Bock-1536x1152.jpg 1536w, https:\/\/esmfoundation.org\/wp-content\/uploads\/2025\/05\/Julia-Bock-400x300.jpg 400w\" sizes=\"(max-width: 1920px) 100vw, 1920px\" \/><\/figure><\/div><\/div>\n\n\n\n<div class=\"wp-block-column is-vertically-aligned-center is-layout-flow wp-block-column-is-layout-flow\" style=\"flex-basis:66.66%\">\n<h3 class=\"wp-block-heading\">Julia Bock<\/h3>\n\n\n\n<p>Julia Bock leitet die administrativen und organisatorischen Belange der Stiftung ESM. Ihr beruflicher Hintergrund umfasst Positionen als Executive Assistant und Fremdsprachensekret\u00e4rin in international agierenden Unternehmen. Sie verf\u00fcgt \u00fcber eine fundierte kaufm\u00e4nnische Ausbildung sowie ein Studium zur Europasekret\u00e4rin und Fremdsprachenkorrespondentin.<\/p>\n\n\n\n<p>Frau Bock spricht fliessend Deutsch, Englisch, Franz\u00f6sisch und Italienisch. In ihrer beruflichen Laufbahn war sie mehrere Jahre in renommierten Family Offices t\u00e4tig, wo sie die gesamte Administration verantwortete \u2013 von der klassischen Sekretariatsarbeit \u00fcber Mitgliederverwaltung, Buchhaltung und Personalwesen bis hin zur Reise- und Eventorganisation.<\/p>\n\n\n\n<ul class=\"wp-block-social-links has-normal-icon-size has-icon-color has-icon-background-color is-style-default is-horizontal is-content-justification-right is-layout-flex wp-container-core-social-links-is-layout-2 wp-block-social-links-is-layout-flex\"><li style=\"color: #ffffff; background-color: #f2cea2; \" class=\"wp-social-link wp-social-link-mail has-white-color wp-block-social-link\"><a rel=\"noopener nofollow\" target=\"_blank\" href=\"mailto:j&#117;&#108;i&#097;.bock&#064;es&#109;&#102;oun&#100;a&#116;io&#110;&#046;or&#103;\" class=\"wp-block-social-link-anchor\"><svg width=\"24\" height=\"24\" viewBox=\"0 0 24 24\" version=\"1.1\" xmlns=\"http:\/\/www.w3.org\/2000\/svg\" aria-hidden=\"true\" focusable=\"false\"><path d=\"M19,5H5c-1.1,0-2,.9-2,2v10c0,1.1.9,2,2,2h14c1.1,0,2-.9,2-2V7c0-1.1-.9-2-2-2zm.5,12c0,.3-.2.5-.5.5H5c-.3,0-.5-.2-.5-.5V9.8l7.5,5.6,7.5-5.6V17zm0-9.1L12,13.6,4.5,7.9V7c0-.3.2-.5.5-.5h14c.3,0,.5.2.5.5v.9z\"><\/path><\/svg><span class=\"wp-block-social-link-label screen-reader-text\">Mail<\/span><\/a><\/li>\n\n<li style=\"color: #ffffff; background-color: #f2cea2; \" class=\"wp-social-link wp-social-link-linkedin has-white-color wp-block-social-link\"><a rel=\"noopener nofollow\" target=\"_blank\" href=\"https:\/\/www.linkedin.com\/in\/julia-bock-561432300\/\" class=\"wp-block-social-link-anchor\"><svg width=\"24\" height=\"24\" viewBox=\"0 0 24 24\" version=\"1.1\" xmlns=\"http:\/\/www.w3.org\/2000\/svg\" aria-hidden=\"true\" focusable=\"false\"><path d=\"M19.7,3H4.3C3.582,3,3,3.582,3,4.3v15.4C3,20.418,3.582,21,4.3,21h15.4c0.718,0,1.3-0.582,1.3-1.3V4.3 C21,3.582,20.418,3,19.7,3z M8.339,18.338H5.667v-8.59h2.672V18.338z M7.004,8.574c-0.857,0-1.549-0.694-1.549-1.548 c0-0.855,0.691-1.548,1.549-1.548c0.854,0,1.547,0.694,1.547,1.548C8.551,7.881,7.858,8.574,7.004,8.574z M18.339,18.338h-2.669 v-4.177c0-0.996-0.017-2.278-1.387-2.278c-1.389,0-1.601,1.086-1.601,2.206v4.249h-2.667v-8.59h2.559v1.174h0.037 c0.356-0.675,1.227-1.387,2.526-1.387c2.703,0,3.203,1.779,3.203,4.092V18.338z\"><\/path><\/svg><span class=\"wp-block-social-link-label screen-reader-text\">LinkedIn<\/span><\/a><\/li><\/ul>\n<\/div>\n<\/div>\n\n\n\n<div style=\"height:60px\" aria-hidden=\"true\" class=\"wp-block-spacer\"><\/div>\n\n\n\n<hr class=\"wp-block-separator has-text-color has-alpha-channel-opacity has-background is-style-wide\" style=\"background-color:#f2cea2;color:#f2cea2\"\/>\n\n\n\n<h2 class=\"wp-block-heading\">Communication<\/h2>\n\n\n\n<div class=\"wp-block-columns is-layout-flex wp-container-core-columns-is-layout-3 wp-block-columns-is-layout-flex\">\n<div class=\"wp-block-column is-vertically-aligned-center is-layout-flow wp-block-column-is-layout-flow\" style=\"flex-basis:33.33%\"><div class=\"wp-block-image is-style-rounded\">\n<figure class=\"aligncenter size-full is-resized\"><img loading=\"lazy\" decoding=\"async\" width=\"300\" height=\"300\" src=\"https:\/\/esmfoundation.org\/wp-content\/uploads\/2024\/06\/Nicole-Horner.png\" alt=\"\" class=\"wp-image-3693\" style=\"width:250px;height:auto\" srcset=\"https:\/\/esmfoundation.org\/wp-content\/uploads\/2024\/06\/Nicole-Horner.png 300w, https:\/\/esmfoundation.org\/wp-content\/uploads\/2024\/06\/Nicole-Horner-150x150.png 150w\" sizes=\"(max-width: 300px) 100vw, 300px\" \/><\/figure><\/div><\/div>\n\n\n\n<div class=\"wp-block-column is-vertically-aligned-center is-layout-flow wp-block-column-is-layout-flow\" style=\"flex-basis:66.66%\">\n<h3 class=\"wp-block-heading\">Nicole Horner<\/h3>\n\n\n\n<p>Nicole Horner studiert Rechtswissenschaften an der Universit\u00e4t Bern. Dazu arbeitet sie in Teilzeit f\u00fcr die Stiftung Entwicklungsfond Seltene Metalle als Mitarbeiterin Kommunikation. Neben der technischen, konzeptionellen und inhaltlichen Betreuung der Webseite und den Social Media-Profilen des Projekts IRTC unterst\u00fctzt sie die Durchf\u00fchrung von Veranstaltungen und die Kommunikation mir Projektpartner:innen und recherchiert zu aktuellen Themen im Bereich kritische Rohstoffe.<\/p>\n\n\n\n<ul class=\"wp-block-social-links has-normal-icon-size has-icon-color has-icon-background-color is-style-default is-horizontal is-content-justification-right is-layout-flex wp-container-core-social-links-is-layout-3 wp-block-social-links-is-layout-flex\"><li style=\"color: #ffffff; background-color: #f2cea2; \" class=\"wp-social-link wp-social-link-mail has-white-color wp-block-social-link\"><a rel=\"noopener nofollow\" target=\"_blank\" href=\"mailto:&#110;ic&#111;le&#046;ho&#114;ne&#114;&#064;e&#115;&#109;f&#111;&#117;nda&#116;&#105;&#111;n.or&#103;\" class=\"wp-block-social-link-anchor\"><svg width=\"24\" height=\"24\" viewBox=\"0 0 24 24\" version=\"1.1\" xmlns=\"http:\/\/www.w3.org\/2000\/svg\" aria-hidden=\"true\" focusable=\"false\"><path d=\"M19,5H5c-1.1,0-2,.9-2,2v10c0,1.1.9,2,2,2h14c1.1,0,2-.9,2-2V7c0-1.1-.9-2-2-2zm.5,12c0,.3-.2.5-.5.5H5c-.3,0-.5-.2-.5-.5V9.8l7.5,5.6,7.5-5.6V17zm0-9.1L12,13.6,4.5,7.9V7c0-.3.2-.5.5-.5h14c.3,0,.5.2.5.5v.9z\"><\/path><\/svg><span class=\"wp-block-social-link-label screen-reader-text\">Mail<\/span><\/a><\/li>\n\n<li style=\"color: #ffffff; background-color: #f2cea2; \" class=\"wp-social-link wp-social-link-linkedin has-white-color wp-block-social-link\"><a rel=\"noopener nofollow\" target=\"_blank\" href=\"https:\/\/www.linkedin.com\/in\/nicole-horner-20a0a328b\" class=\"wp-block-social-link-anchor\"><svg width=\"24\" height=\"24\" viewBox=\"0 0 24 24\" version=\"1.1\" xmlns=\"http:\/\/www.w3.org\/2000\/svg\" aria-hidden=\"true\" focusable=\"false\"><path d=\"M19.7,3H4.3C3.582,3,3,3.582,3,4.3v15.4C3,20.418,3.582,21,4.3,21h15.4c0.718,0,1.3-0.582,1.3-1.3V4.3 C21,3.582,20.418,3,19.7,3z M8.339,18.338H5.667v-8.59h2.672V18.338z M7.004,8.574c-0.857,0-1.549-0.694-1.549-1.548 c0-0.855,0.691-1.548,1.549-1.548c0.854,0,1.547,0.694,1.547,1.548C8.551,7.881,7.858,8.574,7.004,8.574z M18.339,18.338h-2.669 v-4.177c0-0.996-0.017-2.278-1.387-2.278c-1.389,0-1.601,1.086-1.601,2.206v4.249h-2.667v-8.59h2.559v1.174h0.037 c0.356-0.675,1.227-1.387,2.526-1.387c2.703,0,3.203,1.779,3.203,4.092V18.338z\"><\/path><\/svg><span class=\"wp-block-social-link-label screen-reader-text\">LinkedIn<\/span><\/a><\/li><\/ul>\n<\/div>\n<\/div>\n\n\n\n<div style=\"height:60px\" aria-hidden=\"true\" class=\"wp-block-spacer\"><\/div>\n\n\n\n<hr class=\"wp-block-separator has-text-color has-alpha-channel-opacity has-background is-style-wide\" style=\"background-color:#f2cea2;color:#f2cea2\"\/>\n\n\n\n<h2 class=\"wp-block-heading\">Financial Advisor<\/h2>\n\n\n\n<div class=\"wp-block-columns is-layout-flex wp-container-core-columns-is-layout-4 wp-block-columns-is-layout-flex\">\n<div class=\"wp-block-column is-vertically-aligned-center is-layout-flow wp-block-column-is-layout-flow\" style=\"flex-basis:33.33%\"><div class=\"wp-block-image is-style-rounded\">\n<figure class=\"aligncenter size-full is-resized\"><img loading=\"lazy\" decoding=\"async\" width=\"300\" height=\"300\" src=\"https:\/\/esmfoundation.org\/wp-content\/uploads\/2024\/06\/image002-1-2036245574.jpg\" alt=\"\" class=\"wp-image-3692\" style=\"width:250px;height:auto\" srcset=\"https:\/\/esmfoundation.org\/wp-content\/uploads\/2024\/06\/image002-1-2036245574.jpg 300w, https:\/\/esmfoundation.org\/wp-content\/uploads\/2024\/06\/image002-1-2036245574-150x150.jpg 150w\" sizes=\"(max-width: 300px) 100vw, 300px\" \/><\/figure><\/div><\/div>\n\n\n\n<div class=\"wp-block-column is-vertically-aligned-center is-layout-flow wp-block-column-is-layout-flow\" style=\"flex-basis:66.66%\">\n<h3 class=\"wp-block-heading\">Reto Fehr<\/h3>\n\n\n\n<p>Reto Fehr hat \u00fcber 30 Jahre Erfahrung in verschiedenen Instituten in Anlageberatung und Handel; Aufbau und F\u00fchrung Finanzplanung \/ umfassende Finanzberatung bei Credit Suisse, Z\u00fcrich (1995\u20132010) mit den Bereichen Finanzplanung, Steuer-, Erbschafts-, Hypotheken- und Immobilienberatung sowie Unternehmensnachfolge, zuletzt als Managing Director. Seit 2011 ist er unabh\u00e4ngiger Verm\u00f6gensverwalter, seit 2017 bei der Avalor Investment AG in Z\u00fcrich.<\/p>\n\n\n\n<ul class=\"wp-block-social-links has-normal-icon-size has-icon-color has-icon-background-color is-style-default is-horizontal is-content-justification-right is-layout-flex wp-container-core-social-links-is-layout-4 wp-block-social-links-is-layout-flex\"><li style=\"color: #ffffff; background-color: #f2cea2; \" class=\"wp-social-link wp-social-link-mail has-white-color wp-block-social-link\"><a rel=\"noopener nofollow\" target=\"_blank\" href=\"mailto:d&#101;n&#105;s&#046;gonseth&#064;d&#102;&#105;&#110;et.ch\" class=\"wp-block-social-link-anchor\"><svg width=\"24\" height=\"24\" viewBox=\"0 0 24 24\" version=\"1.1\" xmlns=\"http:\/\/www.w3.org\/2000\/svg\" aria-hidden=\"true\" focusable=\"false\"><path d=\"M19,5H5c-1.1,0-2,.9-2,2v10c0,1.1.9,2,2,2h14c1.1,0,2-.9,2-2V7c0-1.1-.9-2-2-2zm.5,12c0,.3-.2.5-.5.5H5c-.3,0-.5-.2-.5-.5V9.8l7.5,5.6,7.5-5.6V17zm0-9.1L12,13.6,4.5,7.9V7c0-.3.2-.5.5-.5h14c.3,0,.5.2.5.5v.9z\"><\/path><\/svg><span class=\"wp-block-social-link-label screen-reader-text\">Mail<\/span><\/a><\/li><\/ul>\n<\/div>\n<\/div>\n\n\n\n<div style=\"height:60px\" aria-hidden=\"true\" class=\"wp-block-spacer\"><\/div>\n\n\n\n<hr class=\"wp-block-separator has-text-color has-alpha-channel-opacity has-background is-style-wide\" style=\"background-color:#f2cea2;color:#f2cea2\"\/>\n\n\n\n<h2 class=\"wp-block-heading\">Stiftungsrat<\/h2>\n\n\n\n<div class=\"wp-block-columns is-layout-flex wp-container-core-columns-is-layout-6 wp-block-columns-is-layout-flex\">\n<div class=\"wp-block-column is-vertically-aligned-center is-layout-flow wp-block-column-is-layout-flow\" style=\"flex-basis:33.33%\"><div class=\"wp-block-image is-style-rounded\">\n<figure class=\"aligncenter size-full is-resized\"><img loading=\"lazy\" decoding=\"async\" width=\"300\" height=\"300\" src=\"https:\/\/esmfoundation.org\/wp-content\/uploads\/2024\/04\/PastedGraphic-1-3855572356-2.png\" alt=\"\" class=\"wp-image-3569\" style=\"width:250px\" srcset=\"https:\/\/esmfoundation.org\/wp-content\/uploads\/2024\/04\/PastedGraphic-1-3855572356-2.png 300w, https:\/\/esmfoundation.org\/wp-content\/uploads\/2024\/04\/PastedGraphic-1-3855572356-2-150x150.png 150w\" sizes=\"(max-width: 300px) 100vw, 300px\" \/><\/figure><\/div><\/div>\n\n\n\n<div class=\"wp-block-column is-vertically-aligned-center is-layout-flow wp-block-column-is-layout-flow\" style=\"flex-basis:66.66%\">\n<h3 class=\"wp-block-heading\">Dr. Ernst Lutz (Pr\u00e4sident)<\/h3>\n\n\n\n<p>Dr. Ernst Lutz hat den gr\u00f6ssten Teil seiner Karriere der industriellen Innovation und dem Technologiemanagement gewidmet. Unter seiner Verantwortung und F\u00fchrung entwickelte und implementierte Alcan Engineered Products ein Innovationsmanagementsystem und einen Rahmenplan f\u00fcr eine f\u00fchrende kundenbasierte Innovationspartnerschaft. Zudem besch\u00e4ftigte er sich mit Technologie-Roadmapping und strategische Ausrichtungen von Produktportfolios. Ernst Lutz studierte Maschinenbau an der ETH Z\u00fcrich und der Virginia Tech in Blacksburg, Virginia, USA, wo er auch promovierte; hinzu kommt ein Masterabschluss in Betriebswirtschaft. <\/p>\n\n\n\n<details class=\"wp-block-details is-layout-flow wp-block-details-is-layout-flow\"><summary>Mehr lesen<\/summary>\n<p>Dr. Lutz arbeitete 16 Jahren in der Metall- und Bergbauindustrie (alusuisse, Alcan, RioTino), wo er diverse Positionen im Technologiemanagement innehatte. Er verbrachte l\u00e4ngere Zeit in der Schweiz, Japan, Kanda, Frankreich und China. 2011 zog er von Shanghai nach Winterthur, um konzernweite Verantwortung als Chief Technology Officer und Mitglied des Vorstands von Sulzer einzunehmen. W\u00e4hrend dieser Zeit restrukturierte er global das Engineering der Pumpen bei Sulzer, um einen klaren Fokus auf Kundenbed\u00fcrfnisse kombiniert mit Exzellenz in der Ausf\u00fchrung zu schaffen. 2015 wurde Dr. Lutz von der EU-Kommission zum CEO von EIT Raw Materials in Berlin berufen. In dieser Funktion war er daf\u00fcr verantwortlich, das gr\u00f6sste globale Konsortium im Bereich Rohstoffe aufzubauen und zu leiten &#8211; mit dem Ziel, Rohstoffe zu einer europ\u00e4ischen St\u00e4rke zu machen. 2016 wechselte Dr. Lutz als Mitglied der Konzernleitung zu Grundfos, einer weltweit t\u00e4tigen Herstellerin von Pumpen mit Sitz in Bjerringbro, D\u00e4nemark. Im April 2023 \u00fcbernahm er als Mitglied der Konzernleitung die Technologieverantwortung f\u00fcr Bekaert, einem belgischen Konzern in der Metallverarbeitung.<\/p>\n\n\n\n<div class=\"wp-block-columns is-layout-flex wp-container-core-columns-is-layout-5 wp-block-columns-is-layout-flex\">\n<div class=\"wp-block-column is-layout-flow wp-block-column-is-layout-flow\">\n<div style=\"height:60px\" aria-hidden=\"true\" class=\"wp-block-spacer\"><\/div>\n<\/div>\n<\/div>\n<\/details>\n\n\n\n<ul class=\"wp-block-social-links has-normal-icon-size has-icon-color has-icon-background-color is-style-default is-horizontal is-content-justification-right is-layout-flex wp-container-core-social-links-is-layout-5 wp-block-social-links-is-layout-flex\"><li style=\"color: #ffffff; background-color: #f2cea2; \" class=\"wp-social-link wp-social-link-mail has-white-color wp-block-social-link\"><a rel=\"noopener nofollow\" target=\"_blank\" href=\"mailto:&#101;&#114;ns&#116;&#046;&#108;ut&#122;&#064;ma&#099;&#046;&#099;o&#109;\" class=\"wp-block-social-link-anchor\"><svg width=\"24\" height=\"24\" viewBox=\"0 0 24 24\" version=\"1.1\" xmlns=\"http:\/\/www.w3.org\/2000\/svg\" aria-hidden=\"true\" focusable=\"false\"><path d=\"M19,5H5c-1.1,0-2,.9-2,2v10c0,1.1.9,2,2,2h14c1.1,0,2-.9,2-2V7c0-1.1-.9-2-2-2zm.5,12c0,.3-.2.5-.5.5H5c-.3,0-.5-.2-.5-.5V9.8l7.5,5.6,7.5-5.6V17zm0-9.1L12,13.6,4.5,7.9V7c0-.3.2-.5.5-.5h14c.3,0,.5.2.5.5v.9z\"><\/path><\/svg><span class=\"wp-block-social-link-label screen-reader-text\">Mail<\/span><\/a><\/li>\n\n<li style=\"color: #ffffff; background-color: #f2cea2; \" class=\"wp-social-link wp-social-link-linkedin has-white-color wp-block-social-link\"><a rel=\"noopener nofollow\" target=\"_blank\" href=\"https:\/\/www.linkedin.com\/in\/ernstlutz\/\" class=\"wp-block-social-link-anchor\"><svg width=\"24\" height=\"24\" viewBox=\"0 0 24 24\" version=\"1.1\" xmlns=\"http:\/\/www.w3.org\/2000\/svg\" aria-hidden=\"true\" focusable=\"false\"><path d=\"M19.7,3H4.3C3.582,3,3,3.582,3,4.3v15.4C3,20.418,3.582,21,4.3,21h15.4c0.718,0,1.3-0.582,1.3-1.3V4.3 C21,3.582,20.418,3,19.7,3z M8.339,18.338H5.667v-8.59h2.672V18.338z M7.004,8.574c-0.857,0-1.549-0.694-1.549-1.548 c0-0.855,0.691-1.548,1.549-1.548c0.854,0,1.547,0.694,1.547,1.548C8.551,7.881,7.858,8.574,7.004,8.574z M18.339,18.338h-2.669 v-4.177c0-0.996-0.017-2.278-1.387-2.278c-1.389,0-1.601,1.086-1.601,2.206v4.249h-2.667v-8.59h2.559v1.174h0.037 c0.356-0.675,1.227-1.387,2.526-1.387c2.703,0,3.203,1.779,3.203,4.092V18.338z\"><\/path><\/svg><span class=\"wp-block-social-link-label screen-reader-text\">LinkedIn<\/span><\/a><\/li><\/ul>\n<\/div>\n<\/div>\n\n\n\n<div style=\"height:60px\" aria-hidden=\"true\" class=\"wp-block-spacer\"><\/div>\n\n\n\n<div class=\"wp-block-columns is-layout-flex wp-container-core-columns-is-layout-8 wp-block-columns-is-layout-flex\">\n<div class=\"wp-block-column is-vertically-aligned-center is-layout-flow wp-block-column-is-layout-flow\" style=\"flex-basis:33.33%\"><div class=\"wp-block-image is-style-rounded\">\n<figure class=\"aligncenter size-full is-resized\"><img loading=\"lazy\" decoding=\"async\" width=\"300\" height=\"300\" src=\"https:\/\/esmfoundation.org\/wp-content\/uploads\/2024\/05\/Patrick-Wager-382114008.png\" alt=\"\" class=\"wp-image-3674\" style=\"width:250px;height:auto\" srcset=\"https:\/\/esmfoundation.org\/wp-content\/uploads\/2024\/05\/Patrick-Wager-382114008.png 300w, https:\/\/esmfoundation.org\/wp-content\/uploads\/2024\/05\/Patrick-Wager-382114008-150x150.png 150w\" sizes=\"(max-width: 300px) 100vw, 300px\" \/><\/figure><\/div><\/div>\n\n\n\n<div class=\"wp-block-column is-vertically-aligned-center is-layout-flow wp-block-column-is-layout-flow\" style=\"flex-basis:66.66%\">\n<h3 class=\"wp-block-heading\">Dr. Patrick W\u00e4ger (Vizepr\u00e4sident)<\/h3>\n\n\n\n<p>Dr. Patrick W\u00e4ger ist Leiter des Labors f\u00fcr Technologie und Gesellschaft der Empa. Er studierte organische, bio-organische und analytische Chemie an der ETH Z\u00fcrich, wo er auch seinen Doktortitel erhielt. Patricks Forschungsinteressen sind Kreislaufwirtschaft, kritische Rohstoffe, Zukunftstechnologien, gesellschaftlicher Stoffumsatz und die Transition zu nachhaltigen Verbrauchsmodellen. Unter anderem leitet er das Arbeitspaket 2 des EU-Projekts H2020 \u00abProspecting Secondary Raw Materials in the Urban Mine and Mining Wastes\u00bb (ProSUM).<\/p>\n\n\n\n<details class=\"wp-block-details is-layout-flow wp-block-details-is-layout-flow\"><summary>Mehr lesen<\/summary>\n<p>Patrick ist Schweizer Delegierter und Mitglied des F\u00fchrungsausschusses der COST-Aktion \u00abMining the European Atmonsphere\u00bb (MINEA), Mitglied des Lenkungsausschusses \u00abSustainable use of limited resources\u00bb der Schweizer Akademie f\u00fcr Wissenschaften, Mitglied des Vorstands der Schweizer Akademischen Gesellschaft f\u00fcr Umweltforschung und \u00d6kologie (saguf) und Vorsitzender von deren Arbeitsgruppe \u00abIntegrative Forschung zu nat\u00fcrlichen Ressourcen\u00bb.<\/p>\n\n\n\n<div class=\"wp-block-columns is-layout-flex wp-container-core-columns-is-layout-7 wp-block-columns-is-layout-flex\">\n<div class=\"wp-block-column is-layout-flow wp-block-column-is-layout-flow\">\n<div style=\"height:60px\" aria-hidden=\"true\" class=\"wp-block-spacer\"><\/div>\n<\/div>\n<\/div>\n<\/details>\n\n\n\n<ul class=\"wp-block-social-links has-normal-icon-size has-icon-color has-icon-background-color is-style-default is-horizontal is-content-justification-right is-layout-flex wp-container-core-social-links-is-layout-6 wp-block-social-links-is-layout-flex\"><li style=\"color: #ffffff; background-color: #f2cea2; \" class=\"wp-social-link wp-social-link-mail has-white-color wp-block-social-link\"><a rel=\"noopener nofollow\" target=\"_blank\" href=\"mailto:&#112;atr&#105;c&#107;.&#119;aeg&#101;&#114;&#064;&#101;mp&#097;&#046;ch\" class=\"wp-block-social-link-anchor\"><svg width=\"24\" height=\"24\" viewBox=\"0 0 24 24\" version=\"1.1\" xmlns=\"http:\/\/www.w3.org\/2000\/svg\" aria-hidden=\"true\" focusable=\"false\"><path d=\"M19,5H5c-1.1,0-2,.9-2,2v10c0,1.1.9,2,2,2h14c1.1,0,2-.9,2-2V7c0-1.1-.9-2-2-2zm.5,12c0,.3-.2.5-.5.5H5c-.3,0-.5-.2-.5-.5V9.8l7.5,5.6,7.5-5.6V17zm0-9.1L12,13.6,4.5,7.9V7c0-.3.2-.5.5-.5h14c.3,0,.5.2.5.5v.9z\"><\/path><\/svg><span class=\"wp-block-social-link-label screen-reader-text\">Mail<\/span><\/a><\/li>\n\n<li style=\"color: #ffffff; background-color: #f2cea2; \" class=\"wp-social-link wp-social-link-chain has-white-color wp-block-social-link\"><a rel=\"noopener nofollow\" target=\"_blank\" href=\"https:\/\/www.empa.ch\/web\/s506\" class=\"wp-block-social-link-anchor\"><svg width=\"24\" height=\"24\" viewBox=\"0 0 24 24\" version=\"1.1\" xmlns=\"http:\/\/www.w3.org\/2000\/svg\" aria-hidden=\"true\" focusable=\"false\"><path d=\"M15.6,7.2H14v1.5h1.6c2,0,3.7,1.7,3.7,3.7s-1.7,3.7-3.7,3.7H14v1.5h1.6c2.8,0,5.2-2.3,5.2-5.2,0-2.9-2.3-5.2-5.2-5.2zM4.7,12.4c0-2,1.7-3.7,3.7-3.7H10V7.2H8.4c-2.9,0-5.2,2.3-5.2,5.2,0,2.9,2.3,5.2,5.2,5.2H10v-1.5H8.4c-2,0-3.7-1.7-3.7-3.7zm4.6.9h5.3v-1.5H9.3v1.5z\"><\/path><\/svg><span class=\"wp-block-social-link-label screen-reader-text\">Link<\/span><\/a><\/li><\/ul>\n<\/div>\n<\/div>\n\n\n\n<div style=\"height:60px\" aria-hidden=\"true\" class=\"wp-block-spacer\"><\/div>\n\n\n\n<div class=\"wp-block-columns is-layout-flex wp-container-core-columns-is-layout-10 wp-block-columns-is-layout-flex\">\n<div class=\"wp-block-column is-vertically-aligned-center is-layout-flow wp-block-column-is-layout-flow\" style=\"flex-basis:33.33%\"><div class=\"wp-block-image is-style-rounded\">\n<figure class=\"aligncenter size-full is-resized\"><img loading=\"lazy\" decoding=\"async\" width=\"300\" height=\"300\" src=\"https:\/\/esmfoundation.org\/wp-content\/uploads\/2024\/06\/Hans-Jorg-Althaus-1204127572.png\" alt=\"\" class=\"wp-image-3678\" style=\"width:250px;height:auto\" srcset=\"https:\/\/esmfoundation.org\/wp-content\/uploads\/2024\/06\/Hans-Jorg-Althaus-1204127572.png 300w, https:\/\/esmfoundation.org\/wp-content\/uploads\/2024\/06\/Hans-Jorg-Althaus-1204127572-150x150.png 150w\" sizes=\"(max-width: 300px) 100vw, 300px\" \/><\/figure><\/div><\/div>\n\n\n\n<div class=\"wp-block-column is-vertically-aligned-center is-layout-flow wp-block-column-is-layout-flow\" style=\"flex-basis:66.66%\">\n<h3 class=\"wp-block-heading\">Dr. Hans-J\u00f6rg Althaus<\/h3>\n\n\n\n<p>Hans-J\u00f6rg Althaus hat einen Doktor in Umweltwissenschaften und einen Abschluss in Materialwissenschaften, beides von der ETH Z\u00fcrich. Seine Erfahrung als Experte im Life Cycle Assessment (LCA) und dem Umgang mit nat\u00fcrlichen Ressourcen reicht von Grundlagenforschung und angewandter inter- und transdisziplin\u00e4rer Forschung zu Unternehmens- und Politikberatung. In seinen Forschungsprojekten besch\u00e4ftigte sich Hans-J\u00f6rg vor allem mit Metallproduktion, nachhaltigen Geb\u00e4uden, erneuerbarer Energiegewinnung und (Elektro-)Mobilit\u00e4t. <\/p>\n\n\n\n<details class=\"wp-block-details is-layout-flow wp-block-details-is-layout-flow\"><summary>Mehr lesen<\/summary>\n<p>Daneben ber\u00e4t und unterst\u00fctzt er Firmen und Beh\u00f6rden bei der Erarbeitung von Energie- und Klimastrategien. Von 1999 bis 2013 arbeitete Hans-J\u00f6rg bei der Empa, einer \u00f6ffentlichen Forschungsanstalt der ETH, auf dem Gebiet Umweltwissenschaften, mit dem Forschungsschwerpunkt LCA. Als Gr\u00fcndungsmitglied der Expertengruppe Ecoinvent war er verantwortlich f\u00fcr die Aktivit\u00e4ten der Empa in der Entwicklung der Ecoinvent-Datenbank. Neben der akademischen Forschung arbeitete Hans-J\u00f6rg in zahlreichen LCA-Projekten f\u00fcr kommerzielle Produkte und Unternehmen. 2014 nahm sich Hans-J\u00f6rg der Entwicklung einer \u00abRessourcenstrategie\u00bb des Verbandes &#8222;Swisscleantech&#8220; an, einer \u00dcbersicht der Lage und Entwicklung der Verwendung aller relevanten nat\u00fcrlichen Ressourcen (von Land, Wasser und Biodiversit\u00e4t zu einer sauberen Luft und einem stabilen Klima), mit Handlungsoptionen f\u00fcr den zuk\u00fcnftigen nachhaltigen Umgang. Nach der Ver\u00f6ffentlichung der Ressourcenstrategie verliess Hans-J\u00f6rg Swisscleantech und gr\u00fcndete LifeCycle Consulting Althaus, wo er Forschungsprojekte f\u00fcr den privaten und \u00f6ffentlichen Sektor durchf\u00fchrt. 2016 \u00fcbernahm Hans-J\u00f6rg eine Rolle bei INFRAS als Partner und Experte f\u00fcr \u00d6kobilanzen und Umweltaspekte von Transporten. Seit 2023 arbeitet er wieder als selbstst\u00e4ndiger Experte.<\/p>\n\n\n\n<div class=\"wp-block-columns is-layout-flex wp-container-core-columns-is-layout-9 wp-block-columns-is-layout-flex\">\n<div class=\"wp-block-column is-layout-flow wp-block-column-is-layout-flow\"><\/div>\n<\/div>\n<\/details>\n\n\n\n<ul class=\"wp-block-social-links has-normal-icon-size has-icon-color has-icon-background-color is-style-default is-horizontal is-content-justification-right is-layout-flex wp-container-core-social-links-is-layout-7 wp-block-social-links-is-layout-flex\"><li style=\"color: #ffffff; background-color: #f2cea2; \" class=\"wp-social-link wp-social-link-mail has-white-color wp-block-social-link\"><a rel=\"noopener nofollow\" target=\"_blank\" href=\"mailto:h&#106;&#097;.p&#114;i&#118;&#097;&#116;&#064;gma&#105;&#108;&#046;&#099;&#111;&#109;\" class=\"wp-block-social-link-anchor\"><svg width=\"24\" height=\"24\" viewBox=\"0 0 24 24\" version=\"1.1\" xmlns=\"http:\/\/www.w3.org\/2000\/svg\" aria-hidden=\"true\" focusable=\"false\"><path d=\"M19,5H5c-1.1,0-2,.9-2,2v10c0,1.1.9,2,2,2h14c1.1,0,2-.9,2-2V7c0-1.1-.9-2-2-2zm.5,12c0,.3-.2.5-.5.5H5c-.3,0-.5-.2-.5-.5V9.8l7.5,5.6,7.5-5.6V17zm0-9.1L12,13.6,4.5,7.9V7c0-.3.2-.5.5-.5h14c.3,0,.5.2.5.5v.9z\"><\/path><\/svg><span class=\"wp-block-social-link-label screen-reader-text\">Mail<\/span><\/a><\/li><\/ul>\n<\/div>\n<\/div>\n\n\n\n<div style=\"height:60px\" aria-hidden=\"true\" class=\"wp-block-spacer\"><\/div>\n\n\n\n<div class=\"wp-block-columns is-layout-flex wp-container-core-columns-is-layout-11 wp-block-columns-is-layout-flex\">\n<div class=\"wp-block-column is-vertically-aligned-center is-layout-flow wp-block-column-is-layout-flow\" style=\"flex-basis:33.33%\"><div class=\"wp-block-image is-style-rounded\">\n<figure class=\"aligncenter size-full is-resized\"><img loading=\"lazy\" decoding=\"async\" width=\"300\" height=\"300\" src=\"https:\/\/esmfoundation.org\/wp-content\/uploads\/2024\/06\/Andreas-Blatter-4043378661.png\" alt=\"\" class=\"wp-image-3684\" style=\"width:250px;height:auto\" srcset=\"https:\/\/esmfoundation.org\/wp-content\/uploads\/2024\/06\/Andreas-Blatter-4043378661.png 300w, https:\/\/esmfoundation.org\/wp-content\/uploads\/2024\/06\/Andreas-Blatter-4043378661-150x150.png 150w\" sizes=\"(max-width: 300px) 100vw, 300px\" \/><\/figure><\/div><\/div>\n\n\n\n<div class=\"wp-block-column is-vertically-aligned-center is-layout-flow wp-block-column-is-layout-flow\" style=\"flex-basis:66.66%\">\n<h3 class=\"wp-block-heading\">Dr. Andreas Blatter<\/h3>\n\n\n\n<p>Andreas Blatter erwarb seinen Doktortitel in Physik an der Universit\u00e4t Bern. Die folgenden acht Jahre war er Forschungsgruppenleiter am Institut f\u00fcr Angewandte Physik mit dem Arbeitsschwerpunkt nichtgleichgewichtige Laserverbearbeitung, D\u00fcnnfilmtechnologie und metallische Glase. Nach seiner Habilitation und einem Forschungsjahr beim IBM Almaden Forschungszentrum wechselte er zur PX-Gruppe, einem der Hauptzulieferer der Uhren- und Medizinalger\u00e4teindustrie f\u00fcr Metallprodukte. Entsprechend sind Andreas&#8216; Hauptinteressen Edelmetalle und Speziallegierungen, damit verwandten Technologien sowie Aspekte von Korrosion und Biokompatibilit\u00e4t.<\/p>\n\n\n\n<ul class=\"wp-block-social-links has-normal-icon-size has-icon-color has-icon-background-color is-style-default is-horizontal is-content-justification-right is-layout-flex wp-container-core-social-links-is-layout-8 wp-block-social-links-is-layout-flex\"><li style=\"color: #ffffff; background-color: #f2cea2; \" class=\"wp-social-link wp-social-link-mail has-white-color wp-block-social-link\"><a rel=\"noopener nofollow\" target=\"_blank\" href=\"mailto:&#097;nd&#114;&#101;as&#046;&#098;&#108;a&#116;&#116;&#101;r&#064;&#112;xgro&#117;&#112;.&#099;o&#109;\" class=\"wp-block-social-link-anchor\"><svg width=\"24\" height=\"24\" viewBox=\"0 0 24 24\" version=\"1.1\" xmlns=\"http:\/\/www.w3.org\/2000\/svg\" aria-hidden=\"true\" focusable=\"false\"><path d=\"M19,5H5c-1.1,0-2,.9-2,2v10c0,1.1.9,2,2,2h14c1.1,0,2-.9,2-2V7c0-1.1-.9-2-2-2zm.5,12c0,.3-.2.5-.5.5H5c-.3,0-.5-.2-.5-.5V9.8l7.5,5.6,7.5-5.6V17zm0-9.1L12,13.6,4.5,7.9V7c0-.3.2-.5.5-.5h14c.3,0,.5.2.5.5v.9z\"><\/path><\/svg><span class=\"wp-block-social-link-label screen-reader-text\">Mail<\/span><\/a><\/li>\n\n<li style=\"color: #ffffff; background-color: #f2cea2; \" class=\"wp-social-link wp-social-link-linkedin has-white-color wp-block-social-link\"><a rel=\"noopener nofollow\" target=\"_blank\" href=\"https:\/\/www.linkedin.com\/in\/andreasblatter\/\" class=\"wp-block-social-link-anchor\"><svg width=\"24\" height=\"24\" viewBox=\"0 0 24 24\" version=\"1.1\" xmlns=\"http:\/\/www.w3.org\/2000\/svg\" aria-hidden=\"true\" focusable=\"false\"><path d=\"M19.7,3H4.3C3.582,3,3,3.582,3,4.3v15.4C3,20.418,3.582,21,4.3,21h15.4c0.718,0,1.3-0.582,1.3-1.3V4.3 C21,3.582,20.418,3,19.7,3z M8.339,18.338H5.667v-8.59h2.672V18.338z M7.004,8.574c-0.857,0-1.549-0.694-1.549-1.548 c0-0.855,0.691-1.548,1.549-1.548c0.854,0,1.547,0.694,1.547,1.548C8.551,7.881,7.858,8.574,7.004,8.574z M18.339,18.338h-2.669 v-4.177c0-0.996-0.017-2.278-1.387-2.278c-1.389,0-1.601,1.086-1.601,2.206v4.249h-2.667v-8.59h2.559v1.174h0.037 c0.356-0.675,1.227-1.387,2.526-1.387c2.703,0,3.203,1.779,3.203,4.092V18.338z\"><\/path><\/svg><span class=\"wp-block-social-link-label screen-reader-text\">LinkedIn<\/span><\/a><\/li>\n\n<li style=\"color: #ffffff; background-color: #f2cea2; \" class=\"wp-social-link wp-social-link-chain has-white-color wp-block-social-link\"><a rel=\"noopener nofollow\" target=\"_blank\" href=\"https:\/\/pxgroup.com\/\" class=\"wp-block-social-link-anchor\"><svg width=\"24\" height=\"24\" viewBox=\"0 0 24 24\" version=\"1.1\" xmlns=\"http:\/\/www.w3.org\/2000\/svg\" aria-hidden=\"true\" focusable=\"false\"><path d=\"M15.6,7.2H14v1.5h1.6c2,0,3.7,1.7,3.7,3.7s-1.7,3.7-3.7,3.7H14v1.5h1.6c2.8,0,5.2-2.3,5.2-5.2,0-2.9-2.3-5.2-5.2-5.2zM4.7,12.4c0-2,1.7-3.7,3.7-3.7H10V7.2H8.4c-2.9,0-5.2,2.3-5.2,5.2,0,2.9,2.3,5.2,5.2,5.2H10v-1.5H8.4c-2,0-3.7-1.7-3.7-3.7zm4.6.9h5.3v-1.5H9.3v1.5z\"><\/path><\/svg><span class=\"wp-block-social-link-label screen-reader-text\">Link<\/span><\/a><\/li><\/ul>\n<\/div>\n<\/div>\n\n\n\n<div style=\"height:60px\" aria-hidden=\"true\" class=\"wp-block-spacer\"><\/div>\n\n\n\n<div class=\"wp-block-columns is-layout-flex wp-container-core-columns-is-layout-13 wp-block-columns-is-layout-flex\">\n<div class=\"wp-block-column is-vertically-aligned-center is-layout-flow wp-block-column-is-layout-flow\" style=\"flex-basis:33.33%\"><div class=\"wp-block-image is-style-rounded\">\n<figure class=\"aligncenter size-full is-resized\"><img loading=\"lazy\" decoding=\"async\" width=\"300\" height=\"300\" src=\"https:\/\/esmfoundation.org\/wp-content\/uploads\/2024\/06\/Tercero-288196743.jpg\" alt=\"\" class=\"wp-image-3685\" style=\"width:250px;height:auto\" srcset=\"https:\/\/esmfoundation.org\/wp-content\/uploads\/2024\/06\/Tercero-288196743.jpg 300w, https:\/\/esmfoundation.org\/wp-content\/uploads\/2024\/06\/Tercero-288196743-150x150.jpg 150w\" sizes=\"(max-width: 300px) 100vw, 300px\" \/><\/figure><\/div><\/div>\n\n\n\n<div class=\"wp-block-column is-vertically-aligned-center is-layout-flow wp-block-column-is-layout-flow\" style=\"flex-basis:66.66%\">\n<h3 class=\"wp-block-heading\">Dr. Luis Tercero Espinoza<\/h3>\n\n\n\n<p>Luis Tercero Espinoza studierte Chemieingenieurwesen in Nicaragua (University of Mobile, Latin American Branch Campus \/ San Marcos) und USA (Christian Brothers University \/ TN, mit einem Forschungsaufenthalt an der Clemson University \/ SC). Zusammen mit dem Bachelor of Science erhielt er den &#8222;2000 Outstanding School of Engineering Graduate Award&#8220; von der Christian Brothers University. Es folgte ein Masterstudium ebenfalls in Chemieingenieurwesen an der University of Wisconsin-Madison (bis 2003), wo er eine Arbeit zur Detektion pathogener Viren mit Hilfe von nanostrukturierten Oberfl\u00e4chen und Fl\u00fcssigkristallen anfertigte. In Deutschland promovierte er an der Fakult\u00e4t f\u00fcr Chemieingenieurwesen und Verfahrenstechnik, Universit\u00e4t Karlsruhe, nun Karlsruher Institut f\u00fcr Technologie (2010, Dr.-Ing., mit Auszeichnung).<\/p>\n\n\n\n<details class=\"wp-block-details is-layout-flow wp-block-details-is-layout-flow\"><summary>Mehr lesen<\/summary>\n<p>F\u00fcr seine Dissertation im Bereich der oxidativen Wasseraufbereitung mittels heterogener Photokatalyse erhielt er den &#8222;Ron Malcolm Award&#8220; der International Humic Substances Society (2008) sowie den zweiten Platz im Nachwuchswettbewerb \u201eWissenschaft verstehen\u201c f\u00fcr Wissenschaftskommunikation (2008, UFZ, Leipzig). Seit 2009 ist er wissenschaftlicher Mitarbeiter und Projektleiter im Competence Center Nachhaltigkeit und Infrastruktursysteme des Fraunhofer ISI, wo er 2011 die Leitung des Gesch\u00e4ftsfelds \u201eSystemische Risiken\u201c mit Schwerpunkt Rohstoffversorgung \u00fcbernahm. Seit Januar 2015 koordiniert er ebenfalls das neu eingerichtete Themenfeld &#8222;Material und Rohstoffe&#8220; (www.isi.fraunhofer.de\/rohstoffe) des Fraunhofer ISI. Seine thematischen Schwerpunkte sind: Versorgungssicherheit und Rohstoffpolitik, Dynamische Stoffstrommodellierung, Nexus-Technologie und Rohstoffbedarf.<\/p>\n\n\n\n<div class=\"wp-block-columns is-layout-flex wp-container-core-columns-is-layout-12 wp-block-columns-is-layout-flex\">\n<div class=\"wp-block-column is-layout-flow wp-block-column-is-layout-flow\"><\/div>\n<\/div>\n<\/details>\n\n\n\n<ul class=\"wp-block-social-links has-normal-icon-size has-icon-color has-icon-background-color is-style-default is-horizontal is-content-justification-right is-layout-flex wp-container-core-social-links-is-layout-9 wp-block-social-links-is-layout-flex\"><li style=\"color: #ffffff; background-color: #f2cea2; \" class=\"wp-social-link wp-social-link-mail has-white-color wp-block-social-link\"><a rel=\"noopener nofollow\" target=\"_blank\" href=\"mailto:&#108;&#117;is&#046;te&#114;ce&#114;&#111;&#064;i&#115;i&#046;&#102;r&#097;un&#104;&#111;fer&#046;de\" class=\"wp-block-social-link-anchor\"><svg width=\"24\" height=\"24\" viewBox=\"0 0 24 24\" version=\"1.1\" xmlns=\"http:\/\/www.w3.org\/2000\/svg\" aria-hidden=\"true\" focusable=\"false\"><path d=\"M19,5H5c-1.1,0-2,.9-2,2v10c0,1.1.9,2,2,2h14c1.1,0,2-.9,2-2V7c0-1.1-.9-2-2-2zm.5,12c0,.3-.2.5-.5.5H5c-.3,0-.5-.2-.5-.5V9.8l7.5,5.6,7.5-5.6V17zm0-9.1L12,13.6,4.5,7.9V7c0-.3.2-.5.5-.5h14c.3,0,.5.2.5.5v.9z\"><\/path><\/svg><span class=\"wp-block-social-link-label screen-reader-text\">Mail<\/span><\/a><\/li>\n\n<li style=\"color: #ffffff; background-color: #f2cea2; \" class=\"wp-social-link wp-social-link-linkedin has-white-color wp-block-social-link\"><a rel=\"noopener nofollow\" target=\"_blank\" href=\"https:\/\/www.linkedin.com\/in\/luis-a-tercero-espinoza-40510414\/\" class=\"wp-block-social-link-anchor\"><svg width=\"24\" height=\"24\" viewBox=\"0 0 24 24\" version=\"1.1\" xmlns=\"http:\/\/www.w3.org\/2000\/svg\" aria-hidden=\"true\" focusable=\"false\"><path d=\"M19.7,3H4.3C3.582,3,3,3.582,3,4.3v15.4C3,20.418,3.582,21,4.3,21h15.4c0.718,0,1.3-0.582,1.3-1.3V4.3 C21,3.582,20.418,3,19.7,3z M8.339,18.338H5.667v-8.59h2.672V18.338z M7.004,8.574c-0.857,0-1.549-0.694-1.549-1.548 c0-0.855,0.691-1.548,1.549-1.548c0.854,0,1.547,0.694,1.547,1.548C8.551,7.881,7.858,8.574,7.004,8.574z M18.339,18.338h-2.669 v-4.177c0-0.996-0.017-2.278-1.387-2.278c-1.389,0-1.601,1.086-1.601,2.206v4.249h-2.667v-8.59h2.559v1.174h0.037 c0.356-0.675,1.227-1.387,2.526-1.387c2.703,0,3.203,1.779,3.203,4.092V18.338z\"><\/path><\/svg><span class=\"wp-block-social-link-label screen-reader-text\">LinkedIn<\/span><\/a><\/li><\/ul>\n<\/div>\n<\/div>\n\n\n\n<div style=\"height:60px\" aria-hidden=\"true\" class=\"wp-block-spacer\"><\/div>\n\n\n\n<div class=\"wp-block-columns is-layout-flex wp-container-core-columns-is-layout-14 wp-block-columns-is-layout-flex\">\n<div class=\"wp-block-column is-vertically-aligned-center is-layout-flow wp-block-column-is-layout-flow\" style=\"flex-basis:33.33%\"><div class=\"wp-block-image is-style-rounded\">\n<figure class=\"aligncenter size-full is-resized\"><img loading=\"lazy\" decoding=\"async\" width=\"300\" height=\"300\" src=\"https:\/\/esmfoundation.org\/wp-content\/uploads\/2024\/06\/rau_angelina_034_col-scaled-559790664.jpeg\" alt=\"\" class=\"wp-image-3686\" style=\"width:250px;height:auto\" srcset=\"https:\/\/esmfoundation.org\/wp-content\/uploads\/2024\/06\/rau_angelina_034_col-scaled-559790664.jpeg 300w, https:\/\/esmfoundation.org\/wp-content\/uploads\/2024\/06\/rau_angelina_034_col-scaled-559790664-150x150.jpeg 150w\" sizes=\"(max-width: 300px) 100vw, 300px\" \/><\/figure><\/div><\/div>\n\n\n\n<div class=\"wp-block-column is-vertically-aligned-center is-layout-flow wp-block-column-is-layout-flow\" style=\"flex-basis:66.66%\">\n<h3 class=\"wp-block-heading\">Angelina Rau<\/h3>\n\n\n\n<p>Angelina Rau (eidg. FA VFL, BSc., MLaw, PhD Biomedical and Ethics (cand.), MME (cand.) ist spezialisierte Rechtsanw\u00e4ltin f\u00fcr regulierte M\u00e4rkte und rechtliche Fragen betreffend Entwicklung und Vermarktung innovativer Technologien, in den Bereichen Pharma, Medizintechnologie, Biotechnologie, Gesundheitswesen und Chemie. Vor ihrer Zweitausbildung zur Rechtsanw\u00e4ltin sammelte sie mehrj\u00e4hrige Berufserfahrung in der Industrie (internationaler Rohstoffhandel, internationales Produktions- und Handelsunternehmen Weisswaren, Chemikalien). Als vormalige CEO und aktuelles Vorstandsmitglied eines Dachverbands zur Innovationsf\u00f6rderung engagiert sie sich als Mentorin und Referentin f\u00fcr Innovation insb. im Gesundheitsbereich. Sie ist zudem Chefredakteurin, Stiftungsr\u00e4tin und Gr\u00fcnderin und publiziert regelm\u00e4ssig zu Themen ihres Fachgebietes.<\/p>\n\n\n\n<ul class=\"wp-block-social-links has-normal-icon-size has-icon-color has-icon-background-color is-style-default is-horizontal is-content-justification-right is-layout-flex wp-container-core-social-links-is-layout-10 wp-block-social-links-is-layout-flex\"><li style=\"color: #ffffff; background-color: #f2cea2; \" class=\"wp-social-link wp-social-link-linkedin has-white-color wp-block-social-link\"><a rel=\"noopener nofollow\" target=\"_blank\" href=\"https:\/\/www.linkedin.com\/in\/angelina-rau\/\" class=\"wp-block-social-link-anchor\"><svg width=\"24\" height=\"24\" viewBox=\"0 0 24 24\" version=\"1.1\" xmlns=\"http:\/\/www.w3.org\/2000\/svg\" aria-hidden=\"true\" focusable=\"false\"><path d=\"M19.7,3H4.3C3.582,3,3,3.582,3,4.3v15.4C3,20.418,3.582,21,4.3,21h15.4c0.718,0,1.3-0.582,1.3-1.3V4.3 C21,3.582,20.418,3,19.7,3z M8.339,18.338H5.667v-8.59h2.672V18.338z M7.004,8.574c-0.857,0-1.549-0.694-1.549-1.548 c0-0.855,0.691-1.548,1.549-1.548c0.854,0,1.547,0.694,1.547,1.548C8.551,7.881,7.858,8.574,7.004,8.574z M18.339,18.338h-2.669 v-4.177c0-0.996-0.017-2.278-1.387-2.278c-1.389,0-1.601,1.086-1.601,2.206v4.249h-2.667v-8.59h2.559v1.174h0.037 c0.356-0.675,1.227-1.387,2.526-1.387c2.703,0,3.203,1.779,3.203,4.092V18.338z\"><\/path><\/svg><span class=\"wp-block-social-link-label screen-reader-text\">LinkedIn<\/span><\/a><\/li><\/ul>\n<\/div>\n<\/div>\n\n\n\n<div style=\"height:60px\" aria-hidden=\"true\" class=\"wp-block-spacer\"><\/div>\n\n\n\n<hr class=\"wp-block-separator has-text-color has-alpha-channel-opacity has-background is-style-wide\" style=\"background-color:#f2cea2;color:#f2cea2\"\/>\n\n\n\n<h2 class=\"wp-block-heading\">Wissenschaftlicher Beirat<\/h2>\n\n\n\n<div class=\"wp-block-columns div {  padding-top: 50px; padding-bottom: } is-layout-flex wp-container-core-columns-is-layout-15 wp-block-columns-is-layout-flex\">\n<div class=\"wp-block-column is-layout-flow wp-block-column-is-layout-flow\" style=\"flex-basis:33.33%\"><div class=\"wp-block-image is-style-rounded\">\n<figure class=\"aligncenter size-full is-resized\"><img loading=\"lazy\" decoding=\"async\" width=\"300\" height=\"300\" src=\"https:\/\/esmfoundation.org\/wp-content\/uploads\/2024\/05\/Armin-Reller-1123094225.jpg\" alt=\"\" class=\"wp-image-3652\" style=\"width:250px\" srcset=\"https:\/\/esmfoundation.org\/wp-content\/uploads\/2024\/05\/Armin-Reller-1123094225.jpg 300w, https:\/\/esmfoundation.org\/wp-content\/uploads\/2024\/05\/Armin-Reller-1123094225-150x150.jpg 150w\" sizes=\"(max-width: 300px) 100vw, 300px\" \/><\/figure><\/div><\/div>\n\n\n\n<div class=\"wp-block-column is-layout-flow wp-block-column-is-layout-flow\" style=\"flex-basis:66.66%\">\n<h3 class=\"wp-block-heading\">Prof. Dr. Armin Reller<\/h3>\n\n\n\n<p>Armin Reller, ehemaliger Professor f\u00fcr Festk\u00f6rperchemie am Institut f\u00fcr Physik der Universit\u00e4t Augsburg, hatte die Professur f\u00fcr Ressourcenstrategie an derselben Institution inne. Zudem war er Vorsitzender des Umweltwissenschaftlichen Zentrums (WZU) und Vorstandsmitglied des AMU (Anwendungszentrum f\u00fcr Material- und Umweltforschung). Ausserdem leitete er die Graduiertenschule \u201eRessourcenstrategien f\u00fcr nachhaltige Energiesysteme\u201c an der Universit\u00e4t Augsburg.<\/p>\n\n\n\n<p>Seine Forschung konzentrierte sich auf die Synthese und Eigenschaften funktionaler Materialien, die f\u00fcr Energie- und Umwelttechnologien relevant sind. Besonderes Augenmerk legte er auf die \u00f6kologischen und sozio\u00f6konomischen Auswirkungen der Erschliessung und Anwendung strategischer Ressourcen.<\/p>\n\n\n\n<details class=\"wp-block-details is-layout-flow wp-block-details-is-layout-flow\"><summary>Read more<\/summary>\n<p>Er war Chefredakteur der internationalen Fachzeitschrift <em>Progress in Solid State Chemistry<\/em> (Elsevier). Am 1. Januar 2009 wurde er als ordentlicher Professor f\u00fcr Ressourcenstrategie an der Universit\u00e4t Augsburg berufen.<\/p>\n\n\n\n<p>Armin Reller ist Gr\u00fcndungsmitglied und war Vorsitzender f\u00fcr Ressourcenstrategie der Fraunhofer-Projektgruppe IWKS (Standorte Alzenau und Hanau), die im Jahr 2011 gegr\u00fcndet wurde. Dar\u00fcber hinaus wurde er als Experte in die Schweizer Akademie der Technischen Wissenschaften berufen und ist Mitglied des Rohstoffrates des Umweltbundesamtes in Berlin.<\/p>\n<\/details>\n\n\n\n<ul class=\"wp-block-social-links has-normal-icon-size has-icon-color has-icon-background-color is-style-default is-horizontal is-content-justification-right is-layout-flex wp-container-core-social-links-is-layout-11 wp-block-social-links-is-layout-flex\"><li style=\"color: #ffffff; background-color: #f2cea2; \" class=\"wp-social-link wp-social-link-mail has-white-color wp-block-social-link\"><a rel=\"noopener nofollow\" target=\"_blank\" href=\"mailto:a&#114;mi&#110;.&#114;&#101;l&#108;er&#064;ph&#121;sik&#046;uni&#045;augsb&#117;r&#103;.de\" class=\"wp-block-social-link-anchor\"><svg width=\"24\" height=\"24\" viewBox=\"0 0 24 24\" version=\"1.1\" xmlns=\"http:\/\/www.w3.org\/2000\/svg\" aria-hidden=\"true\" focusable=\"false\"><path d=\"M19,5H5c-1.1,0-2,.9-2,2v10c0,1.1.9,2,2,2h14c1.1,0,2-.9,2-2V7c0-1.1-.9-2-2-2zm.5,12c0,.3-.2.5-.5.5H5c-.3,0-.5-.2-.5-.5V9.8l7.5,5.6,7.5-5.6V17zm0-9.1L12,13.6,4.5,7.9V7c0-.3.2-.5.5-.5h14c.3,0,.5.2.5.5v.9z\"><\/path><\/svg><span class=\"wp-block-social-link-label screen-reader-text\">Mail<\/span><\/a><\/li><\/ul>\n<\/div>\n<\/div>\n\n\n\n<div style=\"height:60px\" aria-hidden=\"true\" class=\"wp-block-spacer\"><\/div>\n\n\n\n<hr class=\"wp-block-separator has-text-color has-alpha-channel-opacity has-background is-style-wide\" style=\"background-color:#f2cea2;color:#f2cea2\"\/>\n\n\n\n<h4 class=\"wp-block-heading\">Ehemalige Stiftungsratsmitglieder, Vorsitzende und CEOs<\/h4>\n\n\n\n<ul class=\"wp-block-list\">\n<li>Mr. Gaston Dubois, Saint-L\u00e9gier sur Vevey, Gr\u00fcndungsmitglied des Stiftungsrates<\/li>\n\n\n\n<li>Prof. Dr. O.H.C. Messner, Z\u00fcrich, Gr\u00fcndungsvorsitzender und Pr\u00e4sident<\/li>\n\n\n\n<li>Prof. E. Baumann, Z\u00fcrich, Gr\u00fcndungsmitglied des Stiftungsrates<\/li>\n\n\n\n<li>Dr. O. Zipfel, Bern, Gr\u00fcndungsmitglied des Stiftungsrates<\/li>\n\n\n\n<li>Mr. Peter Sulzer, Stiftungsratsmitglied<\/li>\n\n\n\n<li>Mr. Fritz Hummler, Stiftungsratsmitglied<\/li>\n\n\n\n<li>Mr. Eduard Fleissig, Stiftungsratsmitglied<\/li>\n\n\n\n<li>Prof. Dr. Hans B\u00f6hni, Z\u00fcrich, Vorsitzender und Pr\u00e4sident (1990-2004)<\/li>\n\n\n\n<li>Dr. Christoph Ramstein, Z\u00fcrich, Stiftungsratsmitglied<\/li>\n\n\n\n<li>Prof. Dr. Ulrich W. Suter, Oberentfelden, Stiftungsratsmitglied<\/li>\n\n\n\n<li>Mr. Christopher Wasserman, Ecublens, Stiftungsratsmitglied<\/li>\n\n\n\n<li>Dr. Brigitte Buchmann, Kaiserstuhl, Stiftungsratsmitglied (2015-2017)<\/li>\n\n\n\n<li>Dr. Bruno Walser, Winterthur, Stiftungsratsmitglied 1988-1991, Vorsitzender und Pr\u00e4sident (2004-2017)<\/li>\n\n\n\n<li>Dr. Margarethe Hofmann, Pully, CEO (1989-2017)<\/li>\n\n\n\n<li>Dr. Denis Gonseth, Founex, Stiftungsratsmitglied (1974-2017)<\/li>\n\n\n\n<li>Dr. Christian Hagel\u00fcken, Hanau (D), Stiftungsratsmitglied (2012-2019)<\/li>\n\n\n\n<li>Dr. Stefan Kohler, Stiftungsratsmitglied (2001-2024)<\/li>\n<\/ul>\n","protected":false},"excerpt":{"rendered":"<p>Management Alessandra Hool Alessandra Hool (MSc, MAS) studierte Wissenschaftstheorie und Wissenschaftsgeschichte und Projektmanagement an den Universit\u00e4ten Bern, Schweiz, und Salford, Grossbritannien, sowie International Law and Economics am World Trade Institutes (WTI) der Universit\u00e4t Bern. Sie arbeitete als Projektleiterin f\u00fcr verschiedene europ\u00e4ische und Schweizer Forschungs- und Entwicklungsprojekte, in denen sie insbesondere f\u00fcr Entwicklung, Zusammenarbeit und Verbreitung&#8230; <\/p>\n<div class=\"clear\"><\/div>\n<p><a href=\"https:\/\/esmfoundation.org\/de\/unser-team\/\" class=\"excerpt-read-more\">Read More<\/a><\/p>\n","protected":false},"author":395,"featured_media":0,"parent":0,"menu_order":5,"comment_status":"closed","ping_status":"closed","template":"","meta":{"_ti_tpc_template_sync":false,"_ti_tpc_template_id":"","footnotes":""},"class_list":["post-5093","page","type-page","status-publish","hentry"],"_links":{"self":[{"href":"https:\/\/esmfoundation.org\/de\/wp-json\/wp\/v2\/pages\/5093"}],"collection":[{"href":"https:\/\/esmfoundation.org\/de\/wp-json\/wp\/v2\/pages"}],"about":[{"href":"https:\/\/esmfoundation.org\/de\/wp-json\/wp\/v2\/types\/page"}],"author":[{"embeddable":true,"href":"https:\/\/esmfoundation.org\/de\/wp-json\/wp\/v2\/users\/395"}],"replies":[{"embeddable":true,"href":"https:\/\/esmfoundation.org\/de\/wp-json\/wp\/v2\/comments?post=5093"}],"version-history":[{"count":10,"href":"https:\/\/esmfoundation.org\/de\/wp-json\/wp\/v2\/pages\/5093\/revisions"}],"predecessor-version":[{"id":5790,"href":"https:\/\/esmfoundation.org\/de\/wp-json\/wp\/v2\/pages\/5093\/revisions\/5790"}],"wp:attachment":[{"href":"https:\/\/esmfoundation.org\/de\/wp-json\/wp\/v2\/media?parent=5093"}],"curies":[{"name":"wp","href":"https:\/\/api.w.org\/{rel}","templated":true}]}}