{"id":5153,"date":"2024-04-18T21:20:01","date_gmt":"2024-04-18T19:20:01","guid":{"rendered":"https:\/\/esmfoundation.org\/?page_id=5153"},"modified":"2026-04-20T09:12:19","modified_gmt":"2026-04-20T07:12:19","slug":"raw-materials-for-a-sustainable-future","status":"publish","type":"page","link":"https:\/\/esmfoundation.org\/de\/","title":{"rendered":"Rohstoffe f\u00fcr eine nachhaltige Zukunft"},"content":{"rendered":"\n<div style=\"height:72px\" aria-hidden=\"true\" class=\"display-none-mobile\"><\/div>\n\n\n\n<div class=\"wp-block-group alignfull\"><div class=\"wp-block-group__inner-container is-layout-constrained wp-block-group-is-layout-constrained\">\n<div class=\"wp-block-group alignfull\"><div class=\"wp-block-group__inner-container is-layout-constrained wp-block-group-is-layout-constrained\">\n<div class=\"wp-block-group alignfull\"><div class=\"wp-block-group__inner-container is-layout-constrained wp-block-group-is-layout-constrained\">\n<div class=\"wp-block-columns is-layout-flex wp-container-core-columns-is-layout-2 wp-block-columns-is-layout-flex\">\n<div class=\"wp-block-column is-layout-flow wp-block-column-is-layout-flow\" style=\"flex-basis:100%\">\n<div class=\"wp-block-columns is-layout-flex wp-container-core-columns-is-layout-1 wp-block-columns-is-layout-flex\">\n<div class=\"wp-block-column is-layout-flow wp-block-column-is-layout-flow\"><div class=\"n2_clear\"><ss3-force-full-width data-overflow-x=\"body\" data-horizontal-selector=\"\"><div class=\"n2-section-smartslider fitvidsignore  n2_clear\" data-ssid=\"9\" tabindex=\"0\" role=\"region\" aria-label=\"Slider\"><div id=\"n2-ss-9-align\" class=\"n2-ss-align\"><div class=\"n2-padding\"><div id=\"n2-ss-9\" data-creator=\"Smart Slider 3\" data-responsive=\"fullwidth\" class=\"n2-ss-slider n2-ow n2-has-hover n2notransition  \">\n        <div class=\"n2-ss-slider-1 n2_ss__touch_element n2-ow\">\n            <div class=\"n2-ss-slider-2 n2-ow\">\n                                                <div class=\"n2-ss-slider-3 n2-ow\">\n\n                    <div class=\"n2-ss-slide-backgrounds n2-ow-all\"><div class=\"n2-ss-slide-background\" data-public-id=\"1\" data-mode=\"fill\"><div data-gradient=\"horizontal\" data-color-start=\"RGBA(125,147,157,1)\" data-color-end=\"RGBA(242,206,162,1)\" style=\"background:linear-gradient(to right, RGBA(125,147,157,1) 0%,RGBA(242,206,162,1) 100%);\" class=\"n2-ss-slide-background-color\"><\/div><\/div><\/div>                    <div class=\"n2-ss-slider-4 n2-ow\">\n                        <svg xmlns=\"http:\/\/www.w3.org\/2000\/svg\" viewBox=\"0 0 1300 500\" data-related-device=\"desktopPortrait\" class=\"n2-ow n2-ss-preserve-size n2-ss-preserve-size--slider n2-ss-slide-limiter\"><\/svg><div data-first=\"1\" data-slide-duration=\"0\" data-id=\"47\" data-slide-public-id=\"1\" data-title=\"Slide 1\" class=\"n2-ss-slide n2-ow  n2-ss-slide-47\"><div role=\"note\" class=\"n2-ss-slide--focus\" tabindex=\"-1\">Slide 1<\/div><div class=\"n2-ss-layers-container n2-ss-slide-limiter n2-ow\"><div class=\"n2-ss-layer n2-ow n-uc-rcSgpsDhohPx\" data-sstype=\"slide\" data-pm=\"default\"><div class=\"n2-ss-layer n2-ow n-uc-Rnk4kKBd2Y3j\" data-pm=\"default\" data-sstype=\"content\" data-hasbackground=\"0\"><div class=\"n2-ss-section-main-content n2-ss-layer-with-background n2-ss-layer-content n2-ow n-uc-Rnk4kKBd2Y3j-inner\"><div class=\"n2-ss-layer n2-ow n2-ss-layer--block n2-ss-has-self-align n-uc-CVCdefdDzDJ2\" data-pm=\"normal\" data-sstype=\"row\"><div class=\"n2-ss-layer-row n2-ss-layer-with-background n-uc-CVCdefdDzDJ2-inner\"><div class=\"n2-ss-layer-row-inner \"><div class=\"n2-ss-layer n2-ow n-uc-rUbHP3WvrQs3\" data-pm=\"default\" data-sstype=\"col\"><div class=\"n2-ss-layer-col n2-ss-layer-with-background n2-ss-layer-content n-uc-rUbHP3WvrQs3-inner\"><div class=\"n2-ss-layer n2-ow n-uc-r93XYcFh03Qg\" data-pm=\"normal\" data-sstype=\"layer\"><h2 id=\"n2-ss-9item1\" class=\"n2-font-d81fb14cf010d1f05125ca02c2229b9c-hover   n2-ss-item-content n2-ss-text n2-ow\" style=\"display:block;\">Rohstoffe f\u00fcr eine nachhaltige Zukunft<\/h2><\/div><div class=\"n2-ss-layer n2-ow n-uc-675YyEI6bKCC\" data-pm=\"normal\" data-sstype=\"layer\"><div class=\"n2-ss-item-content n2-ss-text n2-ow-all\"><div data-hide-desktoplandscape=\"1\" data-hide-desktopportrait=\"1\" data-hide-tabletlandscape=\"1\" data-hide-tabletportrait=\"1\"><p class=\"n2-font-c4d2ce81304aa3c34954426cc2a83b8b-paragraph   \">The ESM Foundation, founded in 1951, is a Swiss non-profit organization dedicated to supporting research and development activities in the field of Rare and Critical Elements, with a focus on their industrial applications.<\/p>\n<\/div><div class=\"\" data-hide-mobilelandscape=\"1\" data-hide-mobileportrait=\"1\"><p class=\"n2-font-c4d2ce81304aa3c34954426cc2a83b8b-paragraph   \">Der \u201eEntwicklungsfonds Seltene Metalle\u201c (Stiftung ESM) ist eine im Jahr 1951 gegr\u00fcndete Schweizer Non-Profit-Organisation. Sie widmet sich der Unterst\u00fctzung von Forschungs- und Entwicklungst\u00e4tigkeiten im Bereich der seltenen und kritischen Rohstoffe mit Schwerpunkt auf deren industriellen Anwendungen.<\/p>\n<\/div><\/div><\/div><div class=\"n2-ss-layer n2-ow n-uc-WiUBefyW4Gkq n2-ss-layer--auto\" data-pm=\"normal\" data-sstype=\"layer\"><div class=\"n2-ss-button-container n2-ss-item-content n2-ow n2-font-136ab71cbf59fc8c52a47f003c87b8ee-link  n2-ss-nowrap n2-ss-button-container--non-full-width\"><a class=\"n2-style-1a5b74c1a070e82bad8ed3dfd9217329-heading  n2-ow \" href=\"https:\/\/esmfoundation.org\/de\/who-we-are\/\"><div><div>Mehr \u00fcber die Stiftung<\/div><\/div><\/a><\/div><\/div><\/div><\/div><div class=\"n2-ss-layer n2-ow n-uc-8llM204Mb4UM\" data-pm=\"default\" data-sstype=\"col\"><div class=\"n2-ss-layer-col n2-ss-layer-with-background n2-ss-layer-content n-uc-8llM204Mb4UM-inner\"><div class=\"n2-ss-layer n2-ow @media (max-width: 767px) {  display: none;  } n-uc-lRB8uM5iRbsb\" data-pm=\"normal\" data-sstype=\"layer\"><div class=\" n2-ss-item-image-content n2-ss-item-content n2-ow-all\"><img loading=\"lazy\" decoding=\"async\" id=\"n2-ss-9item4\" alt=\"\" class=\"skip-lazy\" width=\"1300\" height=\"1090\" data-skip-lazy=\"1\" src=\"\/\/esmfoundation.org\/wp-content\/uploads\/2024\/06\/Picture5.svg\" \/><\/div><\/div><\/div><\/div><\/div><\/div><\/div><\/div><\/div><\/div><\/div><\/div>                    <\/div>\n\n                                    <\/div>\n            <\/div>\n        <\/div>\n        <\/div><ss3-loader><\/ss3-loader><\/div><\/div><div class=\"n2_clear\"><\/div><\/div><\/ss3-force-full-width><\/div><\/div>\n<\/div>\n<\/div>\n<\/div>\n<\/div><\/div>\n<\/div><\/div>\n\n\n\n<div style=\"height:50px\" aria-hidden=\"true\" class=\"wp-block-spacer\"><\/div>\n\n\n\n<hr class=\"wp-block-separator has-text-color has-alpha-channel-opacity has-background is-style-wide\" style=\"background-color:#f2cea2;color:#f2cea2\"\/>\n\n\n<ul style=\"font-size:14px;\" class=\"wp-block-latest-posts__list is-grid columns-3 aligncenter wp-block-latest-posts\"><li><div class=\"wp-block-latest-posts__featured-image aligncenter\"><a href=\"https:\/\/esmfoundation.org\/de\/2026\/03\/16\/tagung-nachhaltige-versorgung-mit-kritischen-rohstoffen-und-komponenten-fuer-die-zukunft-des-technologiestandorts-schweiz\/\" aria-label=\"Tagung \u00abNachhaltige Versorgung mit kritischen Rohstoffen und Komponenten f\u00fcr die Zukunft des Technologiestandorts Schweiz\u00bb\"><img loading=\"lazy\" decoding=\"async\" width=\"540\" height=\"326\" src=\"https:\/\/esmfoundation.org\/wp-content\/uploads\/2026\/03\/0aef83c1-ff58-4b39-96cc-1a0eb65b85af-540x326.png\" class=\"attachment-portfolio-half size-portfolio-half wp-post-image\" alt=\"\" style=\"\" \/><\/a><\/div><a class=\"wp-block-latest-posts__post-title\" href=\"https:\/\/esmfoundation.org\/de\/2026\/03\/16\/tagung-nachhaltige-versorgung-mit-kritischen-rohstoffen-und-komponenten-fuer-die-zukunft-des-technologiestandorts-schweiz\/\">Tagung \u00abNachhaltige Versorgung mit kritischen Rohstoffen und Komponenten f\u00fcr die Zukunft des Technologiestandorts Schweiz\u00bb<\/a><div class=\"wp-block-latest-posts__post-excerpt\">Datum: 13. Mai 2026 Ort: Switzerland Innovation Park Biel\/Bienne, Aarbergerstrasse 46, 2503 Biel\/Bienne&nbsp; Organisiert von: Stiftung ESM, Schweizerischen Akademie der Wissenschaften SATW, Switzerland Innovation Park Biel Bienne (SIPBB), Eigen\u00f6ssischen Materialpr\u00fcfungs- und Forschungsanstalt (Empa) Unterst\u00fctzt durch: Standortf\u00f6rderung des Kantons Bern Die sichere und nachhaltige Versorgung mit kritischen Rohstoffen und Komponenten ist zentral f\u00fcr den Technologiestandort Schweiz&#8230;. <div class=\"clear\"><\/div><a href=\"https:\/\/esmfoundation.org\/de\/2026\/03\/16\/tagung-nachhaltige-versorgung-mit-kritischen-rohstoffen-und-komponenten-fuer-die-zukunft-des-technologiestandorts-schweiz\/\" class=\"excerpt-read-more\">Read More<\/a><\/div><\/li>\n<li><div class=\"wp-block-latest-posts__featured-image aligncenter\"><a href=\"https:\/\/esmfoundation.org\/de\/2026\/03\/05\/unsere-website-jetzt-auch-auf-franzoesisch\/\" aria-label=\"Unsere Website jetzt auch auf Franz\u00f6sisch\"><img loading=\"lazy\" decoding=\"async\" width=\"540\" height=\"326\" src=\"https:\/\/esmfoundation.org\/wp-content\/uploads\/2026\/03\/Flag_of_France.svg-540x326.webp\" class=\"attachment-portfolio-half size-portfolio-half wp-post-image\" alt=\"\" style=\"\" \/><\/a><\/div><a class=\"wp-block-latest-posts__post-title\" href=\"https:\/\/esmfoundation.org\/de\/2026\/03\/05\/unsere-website-jetzt-auch-auf-franzoesisch\/\">Unsere Website jetzt auch auf Franz\u00f6sisch<\/a><div class=\"wp-block-latest-posts__post-excerpt\">Wir freuen uns, Ihnen mitteilen zu k\u00f6nnen, dass die ESM-Website nun vollst\u00e4ndig auf Franz\u00f6sisch verf\u00fcgbar ist! Die Stiftung ESM ist eine Schweizer Stiftung, und die Schweiz ist ein kleines Land mit vielen Sprachen \u2013 wobei Franz\u00f6sisch nach dem Schweizerdeutschen die am zweith\u00e4ufigsten gesprochene Sprache ist. Indem wir unsere Inhalte auf Franz\u00f6sisch zur Verf\u00fcgung stellen, hoffen&#8230; <div class=\"clear\"><\/div><a href=\"https:\/\/esmfoundation.org\/de\/2026\/03\/05\/unsere-website-jetzt-auch-auf-franzoesisch\/\" class=\"excerpt-read-more\">Read More<\/a><\/div><\/li>\n<li><div class=\"wp-block-latest-posts__featured-image aligncenter\"><a href=\"https:\/\/esmfoundation.org\/de\/2026\/02\/27\/esm-vortrag-an-der-kaderschule-zuerich-machtfaktor-kritische-rohstoffe\/\" aria-label=\"ESM-Vortrag an der Kaderschule Z\u00fcrich: &#8222;Machtfaktor kritische Rohstoffe?&#8220;\"><img loading=\"lazy\" decoding=\"async\" width=\"540\" height=\"326\" src=\"https:\/\/esmfoundation.org\/wp-content\/uploads\/2026\/02\/Bild-Rohstoffe-540x326.png\" class=\"attachment-portfolio-half size-portfolio-half wp-post-image\" alt=\"\" style=\"\" \/><\/a><\/div><a class=\"wp-block-latest-posts__post-title\" href=\"https:\/\/esmfoundation.org\/de\/2026\/02\/27\/esm-vortrag-an-der-kaderschule-zuerich-machtfaktor-kritische-rohstoffe\/\">ESM-Vortrag an der Kaderschule Z\u00fcrich: &#8222;Machtfaktor kritische Rohstoffe?&#8220;<\/a><div class=\"wp-block-latest-posts__post-excerpt\">Seien Sie dabei beim Vortrag &#8222;Machtfaktor kritische Rohstoffe? Versorgungssicherheit zwischen Abh\u00e4ngigkeit und Geopolitik&#8220; von Gesch\u00e4ftsf\u00fchrerin der Stiftung ESM Alessandra Hool am 20. Mai 2026. Organisiert wird der Vortrag von der Kaderschule Z\u00fcrich. Kritische Rohstoffe wie Seltene Erden, Lithium und Kobalt sind Schl\u00fcsselressourcen f\u00fcr Energiewende, Digitalisierung und Verteidigung. Der Vortrag zeigt ihre wirtschaftliche und technologische Bedeutung,&#8230; <div class=\"clear\"><\/div><a href=\"https:\/\/esmfoundation.org\/de\/2026\/02\/27\/esm-vortrag-an-der-kaderschule-zuerich-machtfaktor-kritische-rohstoffe\/\" class=\"excerpt-read-more\">Read More<\/a><\/div><\/li>\n<\/ul>\n\n\n<p><a href=\"https:\/\/esmfoundation.org\/\" target=\"_blank\" rel=\"noreferrer noopener\"><\/a><\/p>\n\n\n\n<hr class=\"wp-block-separator has-text-color has-alpha-channel-opacity has-background is-style-wide\" style=\"background-color:#f2cea2;color:#f2cea2\"\/>\n\n\n\n<div class=\"wp-block-columns are-vertically-aligned-center custom-reverse-columns is-layout-flex wp-container-core-columns-is-layout-3 wp-block-columns-is-layout-flex\" style=\"font-size:16px\">\n<div class=\"wp-block-column is-vertically-aligned-center is-layout-flow wp-block-column-is-layout-flow\" style=\"flex-basis:50%\">\n<h4 class=\"wp-block-heading has-text-align-left\">Tagung \u00abNachhaltige Versorgung mit kritischen Rohstoffen und Komponenten f\u00fcr die Zukunft des Technologiestandorts Schweiz\u00bb<\/h4>\n\n\n\n<p class=\"has-text-align-left\">Am 13. Mai besprechen wir zusammen mit Stimmen aus der Politik \u2013 Nationalr\u00e4tin und Pr\u00e4sidentin Handelskammer Beider Basel Elisabeth Schneider-Schneiter, Nationalrat und CEO der Ypsomed AG Simon Michel und Nationalrat und Co-Founder von Liip Gerhard Andrey \u2013 die strategische Bedeutung kritischer Rohstoffe in der Schweiz.<\/p>\n\n\n\n<div class=\"wp-block-buttons is-content-justification-left is-layout-flex wp-container-core-buttons-is-layout-1 wp-block-buttons-is-layout-flex\">\n<div class=\"wp-block-button is-style-outline is-style-outline--fe2afabb71bc0c6e2c9794635b97d064\"><a class=\"wp-block-button__link wp-element-button\" href=\"https:\/\/esmfoundation.org\/de\/2026\/03\/16\/tagung-nachhaltige-versorgung-mit-kritischen-rohstoffen-und-komponenten-fuer-die-zukunft-des-technologiestandorts-schweiz\/\">Mehr lesen<\/a><\/div>\n<\/div>\n<\/div>\n\n\n\n<div class=\"wp-block-column is-vertically-aligned-center is-layout-flow wp-block-column-is-layout-flow\" style=\"flex-basis:50%\"><div class=\"wp-block-image is-style-default\">\n<figure class=\"aligncenter size-full is-resized\"><img loading=\"lazy\" decoding=\"async\" width=\"2560\" height=\"1564\" src=\"https:\/\/esmfoundation.org\/wp-content\/uploads\/2026\/03\/Header-Tagung-13.-Mai-mit-Gesichtern-scaled.jpg\" alt=\"\" class=\"wp-image-6533\" style=\"width:458px;height:auto\" srcset=\"https:\/\/esmfoundation.org\/wp-content\/uploads\/2026\/03\/Header-Tagung-13.-Mai-mit-Gesichtern-scaled.jpg 2560w, https:\/\/esmfoundation.org\/wp-content\/uploads\/2026\/03\/Header-Tagung-13.-Mai-mit-Gesichtern-300x183.jpg 300w, https:\/\/esmfoundation.org\/wp-content\/uploads\/2026\/03\/Header-Tagung-13.-Mai-mit-Gesichtern-1024x626.jpg 1024w, https:\/\/esmfoundation.org\/wp-content\/uploads\/2026\/03\/Header-Tagung-13.-Mai-mit-Gesichtern-768x469.jpg 768w, https:\/\/esmfoundation.org\/wp-content\/uploads\/2026\/03\/Header-Tagung-13.-Mai-mit-Gesichtern-1536x938.jpg 1536w, https:\/\/esmfoundation.org\/wp-content\/uploads\/2026\/03\/Header-Tagung-13.-Mai-mit-Gesichtern-2048x1251.jpg 2048w\" sizes=\"(max-width: 2560px) 100vw, 2560px\" \/><\/figure><\/div><\/div>\n<\/div>\n\n\n\n<hr class=\"wp-block-separator has-text-color has-alpha-channel-opacity has-background is-style-wide\" style=\"background-color:#f2cea2;color:#f2cea2\"\/>\n\n\n\n<div style=\"height:50px\" aria-hidden=\"true\" class=\"wp-block-spacer\"><\/div>\n\n\n\n<div class=\"wp-block-columns is-layout-flex wp-container-core-columns-is-layout-4 wp-block-columns-is-layout-flex\" style=\"font-size:16px\">\n<div class=\"wp-block-column is-layout-flow wp-block-column-is-layout-flow\" style=\"flex-basis:50%\">\n<figure class=\"wp-block-image aligncenter size-full is-resized\"><img decoding=\"async\" src=\"https:\/\/esmfoundation.org\/wp-content\/uploads\/2024\/06\/bulb-light-icon.svg\" alt=\"\" class=\"c\" style=\"aspect-ratio:1;width:336px;height:auto;fill:#feffbe;\"\/><\/figure>\n<\/div>\n\n\n\n<div class=\"wp-block-column is-vertically-aligned-center is-layout-flow wp-block-column-is-layout-flow\" style=\"flex-basis:50%\">\n<h2 class=\"wp-block-heading has-text-align-left\">Unsere Vision<\/h2>\n\n\n\n<p class=\"has-text-align-left\">Die Stiftung ESM ist das f\u00fchrende Schweizer Netzwerk f\u00fcr Fragen des verantwortungsvollen industriellen Umgangs mit kritischen Rohstoffen, die f\u00fcr die Transformation zu einer nachhaltigen Gesellschaft unerl\u00e4sslich sind.<\/p>\n\n\n\n<div class=\"wp-block-buttons is-content-justification-left is-layout-flex wp-container-core-buttons-is-layout-2 wp-block-buttons-is-layout-flex\">\n<div class=\"wp-block-button is-style-outline is-style-outline--1fd8cc270bc5deaa91f966fa09b90253\"><a class=\"wp-block-button__link wp-element-button\" href=\"https:\/\/esmfoundation.org\/de\/who-we-are\/our-vision\/\">Mehr lesen<\/a><\/div>\n<\/div>\n<\/div>\n<\/div>\n\n\n\n<div style=\"height:40px\" aria-hidden=\"true\" class=\"wp-block-spacer\"><\/div>\n\n\n\n<hr class=\"wp-block-separator has-text-color has-alpha-channel-opacity has-background is-style-wide\" style=\"background-color:#f2cea2;color:#f2cea2\"\/>\n\n\n\n<div style=\"height:40px\" aria-hidden=\"true\" class=\"wp-block-spacer\"><\/div>\n\n\n\n<div class=\"wp-block-columns are-vertically-aligned-center custom-reverse-columns is-layout-flex wp-container-core-columns-is-layout-5 wp-block-columns-is-layout-flex\" style=\"font-size:16px\">\n<div class=\"wp-block-column is-vertically-aligned-center is-layout-flow wp-block-column-is-layout-flow\" style=\"flex-basis:50%\">\n<h2 class=\"wp-block-heading has-text-align-left\">Unsere Mission<\/h2>\n\n\n\n<p class=\"has-text-align-left\">Die ESM Stiftung initiiert, unterst\u00fctzt und koordiniert Forschungs- und Bildungsprojekte, f\u00fchrt Veranstaltungen durch und f\u00f6rdert den fachlichen und gesellschaftlichen Diskurs \u00fcber kritische Metalle. Die Stiftung steht f\u00fcr ein hohes Ma\u00df an wissenschaftlicher Qualit\u00e4t sowie politischer und finanzieller Unabh\u00e4ngigkeit, die durch das seit 1951 nachhaltig verwaltete Stiftungskapital erm\u00f6glicht wird. Die Stiftung arbeitet eng mit Wissenschaft und Wirtschaft im In- und Ausland zusammen und ist an \u00f6ffentlich gef\u00f6rderten Projekten beteiligt.<\/p>\n\n\n\n<div class=\"wp-block-buttons is-content-justification-left is-layout-flex wp-container-core-buttons-is-layout-3 wp-block-buttons-is-layout-flex\">\n<div class=\"wp-block-button is-style-outline is-style-outline--554e5e54b7883bb9a118517d6e405943\"><a class=\"wp-block-button__link wp-element-button\" href=\"https:\/\/esmfoundation.org\/de\/who-we-are\/our-mission\/\">Mehr lesen<\/a><\/div>\n<\/div>\n<\/div>\n\n\n\n<div class=\"wp-block-column is-vertically-aligned-center is-layout-flow wp-block-column-is-layout-flow\" style=\"flex-basis:50%\"><div class=\"wp-block-image is-style-default\">\n<figure class=\"aligncenter size-full is-resized\"><img decoding=\"async\" src=\"https:\/\/esmfoundation.org\/wp-content\/uploads\/2024\/06\/leaf-environment-care-icon.svg\" alt=\"\" class=\"wp-image-3862\" style=\"width:344px;height:auto\"\/><\/figure><\/div><\/div>\n<\/div>\n<\/div><\/div>\n\n\n\n<div style=\"height:40px\" aria-hidden=\"true\" class=\"wp-block-spacer\"><\/div>\n\n\n\n<hr class=\"wp-block-separator has-text-color has-alpha-channel-opacity has-background is-style-wide\" style=\"background-color:#f2cea2;color:#f2cea2\"\/>\n\n\n\n<h2 class=\"wp-block-heading\">Unsere Geschichte<\/h2>\n\n\n\n<div class=\"timeline-wrapper\">\n    <div class=\"timeline\">\n        <div class=\"timeline-item\">\n            <div class=\"timeline-date\">1951<\/div>\n            <div class=\"timeline-content\">\n                <h3>ESM gegr\u00fcndet von Gaston F. Dubois<\/h3>\n                <p>zur Unterst\u00fctzung und Durchf\u00fchrung von Forschungsarbeiten \u00fcber seltene Metalle f\u00fcr die industrielle Nutzung mit dem ersten Pr\u00e4sidenten Dr. O.H.C. Messner<\/p>\n            <\/div>\n        <\/div>\n        <div class=\"timeline-item\">\n            <div class=\"timeline-date\">1955<\/div>\n            <div class=\"timeline-content\">\n                <h3>Er\u00f6ffnung des ESM-B\u00fcros in Z\u00fcrich<\/h3>\n                <p>mit Gesch\u00e4ftsf\u00fchrer Eduard Fleissig<\/p>\n            <\/div>\n        <\/div>\n        <div class=\"timeline-item\">\n            <div class=\"timeline-date\">1962<\/div>\n            <div class=\"timeline-content\">\n                <h3>Umorientierung auf Forschungsf\u00f6rderung einschlie\u00dflich der F\u00f6rderung von Doktoranden <br><br>Schliessung des B\u00fcros in Z\u00fcrich<\/h3>\n                <p><\/p>\n            <\/div>\n        <\/div>\n <div class=\"timeline-item\">\n            <div class=\"timeline-date\">1989<\/div>\n            <div class=\"timeline-content\">\n                <h3>Wiederer\u00f6ffnung des ESM-B\u00fcro in Pully<\/h3>\n                <p>mit Gesch\u00e4ftsf\u00fchrerin Dr. Margarethe Hofmann und einem neuen Fokus auf Recycling<\/p>\n            <\/div>\n        <\/div>\n <div class=\"timeline-item\">\n            <div class=\"timeline-date\">1990<\/div>\n            <div class=\"timeline-content\">\n                <h3>Amtsantritt des Stiftungsratspr\u00e4sidenten Prof. Hans B\u00f6hni<\/h3>\n                <p><\/p>\n            <\/div>\n        <\/div>\n <div class=\"timeline-item\">\n            <div class=\"timeline-date\">2004<\/div>\n            <div class=\"timeline-content\">\n                <h3>Amtsantritt des Stiftungsratspr\u00e4sidenten Dr. Bruno Walser<\/h3>\n                <p><\/p>\n            <\/div>\n        <\/div>\n <div class=\"timeline-item\">\n            <div class=\"timeline-date\">2012<\/div>\n            <div class=\"timeline-content\">\n                <h3>Einrichtung des Council of Less Common Elements<br><br>\u00d6ffnung des Stiftungsrates f\u00fcr Nicht-Schweizerinnen und Nicht-Schweizer<\/h3>\n                <p><\/p>\n            <\/div>\n        <\/div>\n <div class=\"timeline-item\">\n            <div class=\"timeline-date\">2017<\/div>\n            <div class=\"timeline-content\">\n                <h3>Amtsantritt des Stiftungsratspr\u00e4sidenten Dr. Ernst Lutz<br><br>Umzug des ESM-B\u00fcros nach Bern mit Gesch\u00e4ftsf\u00fchrerin Alessandra Hool<br><br>Neuorientierung auf Entwicklung<br><br>Leitung und Teilnahme an Kooperationsprojekten in der Schweiz und im Ausland<\/h3>\n                <p><\/p>\n            <\/div>\n        <\/div>\n <div class=\"timeline-item\">\n            <div class=\"timeline-date\">2017-2022<\/div>\n            <div class=\"timeline-content\">\n                <h3>Koordinierung des Ausbildungsprojekts \u201eNachhaltiges Management von kritischen Rohstoffen\u201c.<\/h3>\n                <p>unterst\u00fctzt von EIT Raw Materials<\/p>\n            <\/div>\n        <\/div>\n <div class=\"timeline-item\">\n            <div class=\"timeline-date\">2017-heute<\/div>\n            <div class=\"timeline-content\">\n                <h3>Koordination des Expertennetzwerks &#8222;International Round Table on Raw Materials Criticality&#8220;<\/h3>\n                <p>unterst\u00fctzt von EIT Raw Materials<\/p>\n            <\/div>\n        <\/div>\n<div class=\"timeline-item\">\n            <div class=\"timeline-date\">2023-heute<\/div>\n            <div class=\"timeline-content\">\n                <h3>Zusammenarbeit mit Schweizer Bundes\u00e4mtern<\/h3>\n                <p><\/p>\n            <\/div>\n        <\/div>\n        <!-- Add more timeline items as needed -->\n    <\/div>\n\n<\/div>\n\n\n\n<p>Nach dem Zweiten Weltkrieg besch\u00e4ftigte sich Gaston F. Dubois (Schweizer Chemiker und ehemaliger Monsanto-Manager in den USA) mit der Versorgung der Schweiz mit Rohstoffen aus dem Ausland. Am 15. Dezember 1951 gr\u00fcndete er in Z\u00fcrich den \u201eEntwicklungsfonds Seltene Metalle, ESM\u201c mit sich selbst, Prof. E. Baumann (ETH Z\u00fcrich) und Dr. O. Zipfel (Delegierter des Bundesrates f\u00fcr Arbeitsbeschaffung) als erste Vorstandsmitglieder und Dr. O.H. Messner (Industrieberater) als erster Pr\u00e4sident des Stiftungsrates. Auf der Grundlage ihrer vor mehr als 60 Jahren verfassten Stiftungsurkunde bezweckt die Stiftung die F\u00f6rderung und Durchf\u00fchrung von Forschungen und Untersuchungen auf dem Gebiet der seltenen Metalle im Hinblick auf deren industrielle Nutzung. Seitdem hat die ESM-Stiftung mehr als 30 Forschungsprojekte in Bereichen unterst\u00fctzt, in denen seltene Metalle eine entscheidende Rolle spielen.<\/p>\n\n\n\n<p>Bei der Gr\u00fcndung der ESM-Stiftung verfolgten die Gr\u00fcnderv\u00e4ter das Ziel, neue Industrien im Bereich \u201eSeltene Metalle\u201c und damit neue Arbeitspl\u00e4tze zu schaffen. Durch die Finanzierung von Forschung und Entwicklung sollte die Nutzung und Verwertung solcher Ergebnisse unterst\u00fctzt werden, um Innovationen und marktf\u00e4hige Produkte zu schaffen.<\/p>\n\n\n\n<p>Heute f\u00fchren die ESM Stiftung die Arbeit ihrer Gr\u00fcnder fort, indem sie neue Ideen im Zusammenhang mit seltenen und kritischen Elementen und deren strategischer Bedeutung f\u00fcr Wissenschaft und Technik zusammenbringt.<\/p>\n\n\n\n<div class=\"wp-block-buttons is-layout-flex wp-block-buttons-is-layout-flex\">\n<div class=\"wp-block-button is-style-outline is-style-outline--31080e9fb5a4875081bbf0f8b20a553d\"><a class=\"wp-block-button__link wp-element-button\" href=\"https:\/\/esmfoundation.org\/de\/who-we-are\/our-story\/\">Mehr lesen<\/a><\/div>\n<\/div>\n\n\n\n<p><\/p>\n\n\n\n<p><\/p>\n\n\n\n<p><\/p>\n","protected":false},"excerpt":{"rendered":"<p>Tagung \u00abNachhaltige Versorgung mit kritischen Rohstoffen und Komponenten f\u00fcr die Zukunft des Technologiestandorts Schweiz\u00bb Am 13. Mai besprechen wir zusammen mit Stimmen aus der Politik \u2013 Nationalr\u00e4tin und Pr\u00e4sidentin Handelskammer Beider Basel Elisabeth Schneider-Schneiter, Nationalrat und CEO der Ypsomed AG Simon Michel und Nationalrat und Co-Founder von Liip Gerhard Andrey \u2013 die strategische Bedeutung kritischer&#8230; <\/p>\n<div class=\"clear\"><\/div>\n<p><a href=\"https:\/\/esmfoundation.org\/de\/\" class=\"excerpt-read-more\">Read More<\/a><\/p>\n","protected":false},"author":395,"featured_media":0,"parent":0,"menu_order":0,"comment_status":"closed","ping_status":"closed","template":"","meta":{"_ti_tpc_template_sync":false,"_ti_tpc_template_id":"","footnotes":""},"class_list":["post-5153","page","type-page","status-publish","hentry"],"_links":{"self":[{"href":"https:\/\/esmfoundation.org\/de\/wp-json\/wp\/v2\/pages\/5153"}],"collection":[{"href":"https:\/\/esmfoundation.org\/de\/wp-json\/wp\/v2\/pages"}],"about":[{"href":"https:\/\/esmfoundation.org\/de\/wp-json\/wp\/v2\/types\/page"}],"author":[{"embeddable":true,"href":"https:\/\/esmfoundation.org\/de\/wp-json\/wp\/v2\/users\/395"}],"replies":[{"embeddable":true,"href":"https:\/\/esmfoundation.org\/de\/wp-json\/wp\/v2\/comments?post=5153"}],"version-history":[{"count":10,"href":"https:\/\/esmfoundation.org\/de\/wp-json\/wp\/v2\/pages\/5153\/revisions"}],"predecessor-version":[{"id":6860,"href":"https:\/\/esmfoundation.org\/de\/wp-json\/wp\/v2\/pages\/5153\/revisions\/6860"}],"wp:attachment":[{"href":"https:\/\/esmfoundation.org\/de\/wp-json\/wp\/v2\/media?parent=5153"}],"curies":[{"name":"wp","href":"https:\/\/api.w.org\/{rel}","templated":true}]}}