{"id":5791,"date":"2024-04-18T21:20:01","date_gmt":"2024-04-18T19:20:01","guid":{"rendered":"https:\/\/esmfoundation.org\/?page_id=5791"},"modified":"2026-03-31T07:39:00","modified_gmt":"2026-03-31T05:39:00","slug":"matieres-premieres-pour-un-avenir-durable","status":"publish","type":"page","link":"https:\/\/esmfoundation.org\/fr\/","title":{"rendered":"Mati\u00e8res premi\u00e8res pour un avenir durable"},"content":{"rendered":"\n<div style=\"height:72px\" aria-hidden=\"true\" class=\"display-none-mobile\"><\/div>\n\n\n\n<div class=\"wp-block-group alignfull\"><div class=\"wp-block-group__inner-container is-layout-constrained wp-block-group-is-layout-constrained\">\n<div class=\"wp-block-group alignfull\"><div class=\"wp-block-group__inner-container is-layout-constrained wp-block-group-is-layout-constrained\">\n<div class=\"wp-block-group alignfull\"><div class=\"wp-block-group__inner-container is-layout-constrained wp-block-group-is-layout-constrained\">\n<div class=\"wp-block-columns is-layout-flex wp-container-core-columns-is-layout-2 wp-block-columns-is-layout-flex\">\n<div class=\"wp-block-column is-layout-flow wp-block-column-is-layout-flow\" style=\"flex-basis:100%\">\n<div class=\"wp-block-columns is-layout-flex wp-container-core-columns-is-layout-1 wp-block-columns-is-layout-flex\">\n<div class=\"wp-block-column is-layout-flow wp-block-column-is-layout-flow\"><div class=\"n2_clear\"><ss3-force-full-width data-overflow-x=\"body\" data-horizontal-selector=\"\"><div class=\"n2-section-smartslider fitvidsignore  n2_clear\" data-ssid=\"11\" tabindex=\"0\" role=\"region\" aria-label=\"Slider\"><div id=\"n2-ss-11-align\" class=\"n2-ss-align\"><div class=\"n2-padding\"><div id=\"n2-ss-11\" data-creator=\"Smart Slider 3\" data-responsive=\"fullwidth\" class=\"n2-ss-slider n2-ow n2-has-hover n2notransition  \">\n        <div class=\"n2-ss-slider-1 n2_ss__touch_element n2-ow\">\n            <div class=\"n2-ss-slider-2 n2-ow\">\n                                                <div class=\"n2-ss-slider-3 n2-ow\">\n\n                    <div class=\"n2-ss-slide-backgrounds n2-ow-all\"><div class=\"n2-ss-slide-background\" data-public-id=\"1\" data-mode=\"fill\"><div data-gradient=\"horizontal\" data-color-start=\"RGBA(125,147,157,1)\" data-color-end=\"RGBA(242,206,162,1)\" style=\"background:linear-gradient(to right, RGBA(125,147,157,1) 0%,RGBA(242,206,162,1) 100%);\" class=\"n2-ss-slide-background-color\"><\/div><\/div><\/div>                    <div class=\"n2-ss-slider-4 n2-ow\">\n                        <svg xmlns=\"http:\/\/www.w3.org\/2000\/svg\" viewBox=\"0 0 1300 500\" data-related-device=\"desktopPortrait\" class=\"n2-ow n2-ss-preserve-size n2-ss-preserve-size--slider n2-ss-slide-limiter\"><\/svg><div data-first=\"1\" data-slide-duration=\"0\" data-id=\"49\" data-slide-public-id=\"1\" data-title=\"Slide 1\" class=\"n2-ss-slide n2-ow  n2-ss-slide-49\"><div role=\"note\" class=\"n2-ss-slide--focus\" tabindex=\"-1\">Slide 1<\/div><div class=\"n2-ss-layers-container n2-ss-slide-limiter n2-ow\"><div class=\"n2-ss-layer n2-ow n-uc-Q9bA2M01BOhU\" data-sstype=\"slide\" data-pm=\"default\"><div class=\"n2-ss-layer n2-ow n-uc-7gN9kwjhSEG8\" data-pm=\"default\" data-sstype=\"content\" data-hasbackground=\"0\"><div class=\"n2-ss-section-main-content n2-ss-layer-with-background n2-ss-layer-content n2-ow n-uc-7gN9kwjhSEG8-inner\"><div class=\"n2-ss-layer n2-ow n2-ss-layer--block n2-ss-has-self-align n-uc-xPAdjflauQqG\" data-pm=\"normal\" data-sstype=\"row\"><div class=\"n2-ss-layer-row n2-ss-layer-with-background n-uc-xPAdjflauQqG-inner\"><div class=\"n2-ss-layer-row-inner \"><div class=\"n2-ss-layer n2-ow n-uc-qZLj4d72kxkC\" data-pm=\"default\" data-sstype=\"col\"><div class=\"n2-ss-layer-col n2-ss-layer-with-background n2-ss-layer-content n-uc-qZLj4d72kxkC-inner\"><div class=\"n2-ss-layer n2-ow n-uc-OALCrMxcqhWj\" data-pm=\"normal\" data-sstype=\"layer\"><h2 id=\"n2-ss-11item1\" class=\"n2-font-d81fb14cf010d1f05125ca02c2229b9c-hover   n2-ss-item-content n2-ss-text n2-ow\" style=\"display:block;\">Mati\u00e8res premi\u00e8res pour un avenir durable<\/h2><\/div><div class=\"n2-ss-layer n2-ow n-uc-7wip1P7i8zhg\" data-pm=\"normal\" data-sstype=\"layer\"><div class=\"n2-ss-item-content n2-ss-text n2-ow-all\"><div data-hide-desktoplandscape=\"1\" data-hide-desktopportrait=\"1\" data-hide-tabletlandscape=\"1\" data-hide-tabletportrait=\"1\"><p class=\"n2-font-c4d2ce81304aa3c34954426cc2a83b8b-paragraph   \">The ESM Foundation, founded in 1951, is a Swiss non-profit organization dedicated to supporting research and development activities in the field of Rare and Critical Elements, with a focus on their industrial applications.<\/p>\n<\/div><div class=\"\" data-hide-mobilelandscape=\"1\" data-hide-mobileportrait=\"1\"><p class=\"n2-font-c4d2ce81304aa3c34954426cc2a83b8b-paragraph   \">La\u00a0Fondation ESM (ESM Foundation), cr\u00e9\u00e9e en 1951, est une organisation suisse \u00e0 but non lucratif d\u00e9di\u00e9e au soutien des activit\u00e9s de recherche et de d\u00e9veloppement concernant les m\u00e9taux rares et critiques, avec un accent particulier sur leurs applications industrielles.<\/p>\n<\/div><\/div><\/div><div class=\"n2-ss-layer n2-ow n-uc-CCQ4CgP8B2NL n2-ss-layer--auto\" data-pm=\"normal\" data-sstype=\"layer\"><div class=\"n2-ss-button-container n2-ss-item-content n2-ow n2-font-136ab71cbf59fc8c52a47f003c87b8ee-link  n2-ss-nowrap n2-ss-button-container--non-full-width\"><a class=\"n2-style-1a5b74c1a070e82bad8ed3dfd9217329-heading  n2-ow \" href=\"https:\/\/esmfoundation.org\/fr\/?page_id=5826\"><div><div>En savoir plus<\/div><\/div><\/a><\/div><\/div><\/div><\/div><div class=\"n2-ss-layer n2-ow n-uc-z7TbgPDMY88m\" data-pm=\"default\" data-sstype=\"col\"><div class=\"n2-ss-layer-col n2-ss-layer-with-background n2-ss-layer-content n-uc-z7TbgPDMY88m-inner\"><div class=\"n2-ss-layer n2-ow @media (max-width: 767px) {  display: none;  } n-uc-5eMQnQbjYpt8\" data-pm=\"normal\" data-sstype=\"layer\"><div class=\" n2-ss-item-image-content n2-ss-item-content n2-ow-all\"><img loading=\"lazy\" decoding=\"async\" id=\"n2-ss-11item4\" alt=\"\" class=\"skip-lazy\" width=\"1300\" height=\"1090\" data-skip-lazy=\"1\" src=\"\/\/esmfoundation.org\/wp-content\/uploads\/2024\/06\/Picture5.svg\" \/><\/div><\/div><\/div><\/div><\/div><\/div><\/div><\/div><\/div><\/div><\/div><\/div>                    <\/div>\n\n                                    <\/div>\n            <\/div>\n        <\/div>\n        <\/div><ss3-loader><\/ss3-loader><\/div><\/div><div class=\"n2_clear\"><\/div><\/div><\/ss3-force-full-width><\/div><\/div>\n<\/div>\n<\/div>\n<\/div>\n<\/div><\/div>\n<\/div><\/div>\n\n\n\n<div style=\"height:50px\" aria-hidden=\"true\" class=\"wp-block-spacer\"><\/div>\n\n\n\n<hr class=\"wp-block-separator has-text-color has-alpha-channel-opacity has-background is-style-wide\" style=\"background-color:#f2cea2;color:#f2cea2\"\/>\n\n\n<ul style=\"font-size:16px;\" class=\"wp-block-latest-posts__list is-grid columns-3 aligncenter wp-block-latest-posts\"><li><div class=\"wp-block-latest-posts__featured-image aligncenter\"><a href=\"https:\/\/esmfoundation.org\/fr\/2026\/03\/16\/conference-sustainable-supply-of-critical-raw-materials-and-components-for-the-future-of-switzerland-as-a-technology-hub\/\" aria-label=\"Conf\u00e9rence: \u00ab Approvisionnement durable en mati\u00e8res premi\u00e8res critiques et en composants pour l\u2019avenir de la Suisse en tant que p\u00f4le technologique \u00bb\"><img loading=\"lazy\" decoding=\"async\" width=\"540\" height=\"326\" src=\"https:\/\/esmfoundation.org\/wp-content\/uploads\/2026\/03\/0aef83c1-ff58-4b39-96cc-1a0eb65b85af-540x326.png\" class=\"attachment-portfolio-half size-portfolio-half wp-post-image\" alt=\"\" style=\"\" \/><\/a><\/div><a class=\"wp-block-latest-posts__post-title\" href=\"https:\/\/esmfoundation.org\/fr\/2026\/03\/16\/conference-sustainable-supply-of-critical-raw-materials-and-components-for-the-future-of-switzerland-as-a-technology-hub\/\">Conf\u00e9rence: \u00ab Approvisionnement durable en mati\u00e8res premi\u00e8res critiques et en composants pour l\u2019avenir de la Suisse en tant que p\u00f4le technologique \u00bb<\/a><div class=\"wp-block-latest-posts__post-excerpt\">Date&nbsp;: 13 mai 2026Lieu&nbsp;: Switzerland Innovation Park Biel\/Bienne, Aarbergerstrasse 46, 2503 Biel\/BienneOrganis\u00e9 par : Fondation ESM, Acad\u00e9mie suisse des sciences techniques SATW, Switzerland Innovation Park Biel\/Bienne (SIPBB), Laboratoire f\u00e9d\u00e9ral d\u2019essai des mat\u00e9riaux et de recherche (Empa)Soutenu par&nbsp;: Promotion \u00e9conomique du canton de Berne Un approvisionnement s\u00fbr et durable en mati\u00e8res premi\u00e8res et composants critiques est&#8230; <div class=\"clear\"><\/div><a href=\"https:\/\/esmfoundation.org\/fr\/2026\/03\/16\/conference-sustainable-supply-of-critical-raw-materials-and-components-for-the-future-of-switzerland-as-a-technology-hub\/\" class=\"excerpt-read-more\">Read More<\/a><\/div><\/li>\n<li><div class=\"wp-block-latest-posts__featured-image aligncenter\"><a href=\"https:\/\/esmfoundation.org\/fr\/2026\/03\/05\/notre-site-web-est-desormais-disponible-en-francais\/\" aria-label=\"Notre site web est d\u00e9sormais disponible en fran\u00e7ais\"><img loading=\"lazy\" decoding=\"async\" width=\"540\" height=\"326\" src=\"https:\/\/esmfoundation.org\/wp-content\/uploads\/2026\/03\/Flag_of_France.svg-540x326.webp\" class=\"attachment-portfolio-half size-portfolio-half wp-post-image\" alt=\"\" style=\"\" \/><\/a><\/div><a class=\"wp-block-latest-posts__post-title\" href=\"https:\/\/esmfoundation.org\/fr\/2026\/03\/05\/notre-site-web-est-desormais-disponible-en-francais\/\">Notre site web est d\u00e9sormais disponible en fran\u00e7ais<\/a><div class=\"wp-block-latest-posts__post-excerpt\">Nous sommes heureux de vous annoncer que le site web de l&rsquo;ESM est d\u00e9sormais enti\u00e8rement disponible en fran\u00e7ais ! La Fondation ESM est une fondation suisse, et la Suisse est un petit pays qui compte plusieurs langues \u2013 le fran\u00e7ais \u00e9tant la deuxi\u00e8me langue la plus parl\u00e9e apr\u00e8s le suisse allemand. En proposant notre contenu&#8230; <div class=\"clear\"><\/div><a href=\"https:\/\/esmfoundation.org\/fr\/2026\/03\/05\/notre-site-web-est-desormais-disponible-en-francais\/\" class=\"excerpt-read-more\">Read More<\/a><\/div><\/li>\n<li><div class=\"wp-block-latest-posts__featured-image aligncenter\"><a href=\"https:\/\/esmfoundation.org\/fr\/2026\/02\/27\/prochaine-presentation-de-lesm-les-matieres-premieres-critiques-comme-levier-geopolitique\/\" aria-label=\"Prochaine pr\u00e9sentation de l&rsquo;ESM : \u00abLes mati\u00e8res premi\u00e8res critiques comme levier g\u00e9opolitique\u00bb\"><img loading=\"lazy\" decoding=\"async\" width=\"540\" height=\"326\" src=\"https:\/\/esmfoundation.org\/wp-content\/uploads\/2026\/02\/Bild-Rohstoffe-540x326.png\" class=\"attachment-portfolio-half size-portfolio-half wp-post-image\" alt=\"\" style=\"\" \/><\/a><\/div><a class=\"wp-block-latest-posts__post-title\" href=\"https:\/\/esmfoundation.org\/fr\/2026\/02\/27\/prochaine-presentation-de-lesm-les-matieres-premieres-critiques-comme-levier-geopolitique\/\">Prochaine pr\u00e9sentation de l&rsquo;ESM : \u00abLes mati\u00e8res premi\u00e8res critiques comme levier g\u00e9opolitique\u00bb<\/a><div class=\"wp-block-latest-posts__post-excerpt\">Assistez \u00e0 la pr\u00e9sentation \u00ab Les mati\u00e8res premi\u00e8res critiques, un facteur de pouvoir ? La s\u00e9curit\u00e9 d&rsquo;approvisionnement entre d\u00e9pendance et g\u00e9opolitique \u00bb donn\u00e9e par Alessandra Hool, directrice g\u00e9n\u00e9rale de la fondation ESM, le 20 mai 2026. La pr\u00e9sentation est organis\u00e9e par la Kaderschule Z\u00fcrich. La pr\u00e9sentation se tiendra en allemand. Les mati\u00e8res premi\u00e8res critiques telles&#8230; <div class=\"clear\"><\/div><a href=\"https:\/\/esmfoundation.org\/fr\/2026\/02\/27\/prochaine-presentation-de-lesm-les-matieres-premieres-critiques-comme-levier-geopolitique\/\" class=\"excerpt-read-more\">Read More<\/a><\/div><\/li>\n<\/ul>\n\n\n<p><a href=\"https:\/\/esmfoundation.org\/\" target=\"_blank\" rel=\"noreferrer noopener\"><\/a><\/p>\n\n\n\n<hr class=\"wp-block-separator has-text-color has-alpha-channel-opacity has-background is-style-wide\" style=\"background-color:#f2cea2;color:#f2cea2\"\/>\n\n\n\n<div class=\"wp-block-columns are-vertically-aligned-center custom-reverse-columns is-layout-flex wp-container-core-columns-is-layout-3 wp-block-columns-is-layout-flex\" style=\"font-size:16px\">\n<div class=\"wp-block-column is-vertically-aligned-center is-layout-flow wp-block-column-is-layout-flow\" style=\"flex-basis:50%\">\n<h4 class=\"wp-block-heading has-text-align-left\">Conf\u00e9rence: \u00ab Approvisionnement durable en mati\u00e8res premi\u00e8res critiques et en composants pour l\u2019avenir de la Suisse en tant que p\u00f4le technologique \u00bb<\/h4>\n\n\n\n<p class=\"has-text-align-left\">Le 13 mai, nous discuterons de l&rsquo;importance strat\u00e9gique des mati\u00e8res premi\u00e8res critiques en Suisse avec des personnalit\u00e9s du monde politique : Elisabeth Schneider-Schneiter, conseill\u00e8re nationale et pr\u00e9sidente de la Chambre de commerce des deux B\u00e2le, Simon Michel, conseiller national et PDG d&rsquo;Ypsomed AG, ainsi que Gerhard Andrey, conseiller national et cofondateur de Liip.<\/p>\n\n\n\n<div class=\"wp-block-buttons is-content-justification-left is-layout-flex wp-container-core-buttons-is-layout-1 wp-block-buttons-is-layout-flex\">\n<div class=\"wp-block-button is-style-outline is-style-outline--cdefd1d1a6f1677cc45c397bbb76d2fa\"><a class=\"wp-block-button__link wp-element-button\" href=\"https:\/\/esmfoundation.org\/fr\/2026\/03\/16\/conference-sustainable-supply-of-critical-raw-materials-and-components-for-the-future-of-switzerland-as-a-technology-hub\/\">En savoir plus<\/a><\/div>\n<\/div>\n<\/div>\n\n\n\n<div class=\"wp-block-column is-vertically-aligned-center is-layout-flow wp-block-column-is-layout-flow\" style=\"flex-basis:50%\"><div class=\"wp-block-image is-style-default\">\n<figure class=\"aligncenter size-full is-resized\"><img loading=\"lazy\" decoding=\"async\" width=\"2560\" height=\"1564\" src=\"https:\/\/esmfoundation.org\/wp-content\/uploads\/2026\/03\/Header-Tagung-13.-Mai-mit-Gesichtern-scaled.jpg\" alt=\"\" class=\"wp-image-6533\" style=\"width:458px;height:auto\" srcset=\"https:\/\/esmfoundation.org\/wp-content\/uploads\/2026\/03\/Header-Tagung-13.-Mai-mit-Gesichtern-scaled.jpg 2560w, https:\/\/esmfoundation.org\/wp-content\/uploads\/2026\/03\/Header-Tagung-13.-Mai-mit-Gesichtern-300x183.jpg 300w, https:\/\/esmfoundation.org\/wp-content\/uploads\/2026\/03\/Header-Tagung-13.-Mai-mit-Gesichtern-1024x626.jpg 1024w, https:\/\/esmfoundation.org\/wp-content\/uploads\/2026\/03\/Header-Tagung-13.-Mai-mit-Gesichtern-768x469.jpg 768w, https:\/\/esmfoundation.org\/wp-content\/uploads\/2026\/03\/Header-Tagung-13.-Mai-mit-Gesichtern-1536x938.jpg 1536w, https:\/\/esmfoundation.org\/wp-content\/uploads\/2026\/03\/Header-Tagung-13.-Mai-mit-Gesichtern-2048x1251.jpg 2048w\" sizes=\"(max-width: 2560px) 100vw, 2560px\" \/><\/figure><\/div><\/div>\n<\/div>\n\n\n\n<hr class=\"wp-block-separator has-text-color has-alpha-channel-opacity has-background is-style-wide\" style=\"background-color:#f2cea2;color:#f2cea2\"\/>\n\n\n\n<div style=\"height:50px\" aria-hidden=\"true\" class=\"wp-block-spacer\"><\/div>\n\n\n\n<div class=\"wp-block-columns is-layout-flex wp-container-core-columns-is-layout-4 wp-block-columns-is-layout-flex\" style=\"font-size:16px\">\n<div class=\"wp-block-column is-layout-flow wp-block-column-is-layout-flow\" style=\"flex-basis:50%\">\n<figure class=\"wp-block-image aligncenter size-full is-resized\"><img decoding=\"async\" src=\"https:\/\/esmfoundation.org\/wp-content\/uploads\/2024\/06\/bulb-light-icon.svg\" alt=\"\" class=\"c\" style=\"aspect-ratio:1;width:336px;height:auto;fill:#feffbe;\"\/><\/figure>\n<\/div>\n\n\n\n<div class=\"wp-block-column is-vertically-aligned-center is-layout-flow wp-block-column-is-layout-flow\" style=\"flex-basis:50%\">\n<h2 class=\"wp-block-heading has-text-align-left\">Notre vision<\/h2>\n\n\n\n<p class=\"has-text-align-left\">La Fondation ESM est le r\u00e9seau suisse de r\u00e9f\u00e9rence pour les questions relatives \u00e0 l\u2019utilisation industrielle responsable des ressources critiques, essentielles \u00e0 la transformation vers une soci\u00e9t\u00e9 durable.<br><\/p>\n\n\n\n<div class=\"wp-block-buttons is-content-justification-left is-layout-flex wp-container-core-buttons-is-layout-2 wp-block-buttons-is-layout-flex\">\n<div class=\"wp-block-button is-style-outline is-style-outline--3ea9a7771caefba12a1c2efaecd573ab\"><a class=\"wp-block-button__link wp-element-button\" href=\"https:\/\/esmfoundation.org\/fr\/qui-sommes-nous\/notre-vision\">En savoir plus<\/a><\/div>\n<\/div>\n<\/div>\n<\/div>\n\n\n\n<div style=\"height:40px\" aria-hidden=\"true\" class=\"wp-block-spacer\"><\/div>\n\n\n\n<hr class=\"wp-block-separator has-text-color has-alpha-channel-opacity has-background is-style-wide\" style=\"background-color:#f2cea2;color:#f2cea2\"\/>\n\n\n\n<div style=\"height:40px\" aria-hidden=\"true\" class=\"wp-block-spacer\"><\/div>\n\n\n\n<div class=\"wp-block-columns are-vertically-aligned-center custom-reverse-columns is-layout-flex wp-container-core-columns-is-layout-5 wp-block-columns-is-layout-flex\" style=\"font-size:16px\">\n<div class=\"wp-block-column is-vertically-aligned-center is-layout-flow wp-block-column-is-layout-flow\" style=\"flex-basis:50%\">\n<h2 class=\"wp-block-heading has-text-align-left\">Notre mission<\/h2>\n\n\n\n<p>La Fondation ESM initie, soutient et coordonne des projets de recherche et d\u2019\u00e9ducation, organise des \u00e9v\u00e9nements et favorise le dialogue professionnel et social autour des m\u00e9taux critiques.<\/p>\n\n\n\n<p>\u00c0 la Fondation ESM, nous accordons la priorit\u00e9 \u00e0 la&nbsp;s\u00e9curit\u00e9 d\u2019approvisionnement&nbsp;et d\u00e9fendons l\u2019utilisation durable des m\u00e9taux critiques essentiels aux technologies modernes et \u00e0 la transition \u00e9nerg\u00e9tique. La fondation incarne l\u2019ind\u00e9pendance politique et financi\u00e8re, rendue possible par un capital de fondation g\u00e9r\u00e9 de mani\u00e8re durable depuis 1951. La Fondation ESM s\u2019efforce d\u2019atteindre le plus haut niveau de qualit\u00e9 scientifique.<\/p>\n\n\n\n<p>Dans notre travail, nous collaborons \u00e9troitement avec la recherche et l\u2019industrie, tant en Suisse qu\u2019\u00e0 l\u2019\u00e9tranger, et nous nous impliquons dans des projets financ\u00e9s publiquement.<\/p>\n\n\n\n<div class=\"wp-block-buttons is-content-justification-left is-layout-flex wp-container-core-buttons-is-layout-3 wp-block-buttons-is-layout-flex\">\n<div class=\"wp-block-button is-style-outline is-style-outline--857a75a8000e61c316e9300277fc19b2\"><a class=\"wp-block-button__link wp-element-button\" href=\"https:\/\/esmfoundation.org\/fr\/qui-sommes-nous\/notre-mission\">En savoir plus<\/a><\/div>\n<\/div>\n<\/div>\n\n\n\n<div class=\"wp-block-column is-vertically-aligned-center is-layout-flow wp-block-column-is-layout-flow\" style=\"flex-basis:50%\"><div class=\"wp-block-image is-style-default\">\n<figure class=\"aligncenter size-full is-resized\"><img decoding=\"async\" src=\"https:\/\/esmfoundation.org\/wp-content\/uploads\/2024\/06\/leaf-environment-care-icon.svg\" alt=\"\" class=\"wp-image-3862\" style=\"width:344px;height:auto\"\/><\/figure><\/div><\/div>\n<\/div>\n<\/div><\/div>\n\n\n\n<div style=\"height:40px\" aria-hidden=\"true\" class=\"wp-block-spacer\"><\/div>\n\n\n\n<hr class=\"wp-block-separator has-text-color has-alpha-channel-opacity has-background is-style-wide\" style=\"background-color:#f2cea2;color:#f2cea2\"\/>\n\n\n\n<h2 class=\"wp-block-heading\">Notre histoire<\/h2>\n\n\n\n<div class=\"timeline-wrapper\">\n    <div class=\"timeline\">\n        <div class=\"timeline-item\">\n            <div class=\"timeline-date\">1951<\/div>\n            <div class=\"timeline-content\">\n                <h3>Fondation de l&rsquo;ESM par Gaston F. Dubois<\/h3>\n                <p>pour soutenir et mener des recherches sur les m\u00e9taux rares destin\u00e9s \u00e0 un usage industriel, sous la pr\u00e9sidence fondatrice du Dr O.H.C. Messner.<\/p>\n            <\/div>\n        <\/div>\n        <div class=\"timeline-item\">\n            <div class=\"timeline-date\">1955<\/div>\n            <div class=\"timeline-content\">\n                <h3>Ouverture du bureau \u00e0 Zurich<\/h3>\n                <p>avec le Directeur Eduard Fleissig<\/p>\n            <\/div>\n        <\/div>\n        <div class=\"timeline-item\">\n            <div class=\"timeline-date\">1962<\/div>\n            <div class=\"timeline-content\">\n                <h3> Au tournant des ann\u00e9es 1960, l\u2019ESM connut une\u00a0r\u00e9orientation strat\u00e9gique. Jusque-l\u00e0, la fondation s\u2019\u00e9tait concentr\u00e9e sur le\u00a0financement de projets de recherche appliqu\u00e9e\u00a0\u00e0 l\u2019ETH et dans l\u2019industrie.  <br><br>Cl\u00f4ture du bureau de Zurich<\/h3>\n                <p><\/p>\n            <\/div>\n        <\/div>\n <div class=\"timeline-item\">\n            <div class=\"timeline-date\">1989<\/div>\n            <div class=\"timeline-content\">\n                <h3>Reouverture du bureau \u00e0 Pully<\/h3>\n                <p>avec la directrice Dr. Margarethe Hofmann et un noveau focus sur le recyclage<\/p>\n            <\/div>\n        <\/div>\n <div class=\"timeline-item\">\n            <div class=\"timeline-date\">1990<\/div>\n            <div class=\"timeline-content\">\n                <h3>Entr\u00e9e en fonction du pr\u00e9sident Prof. Hans B\u00f6hni<\/h3>\n                <p><\/p>\n            <\/div>\n        <\/div>\n <div class=\"timeline-item\">\n            <div class=\"timeline-date\">2004<\/div>\n            <div class=\"timeline-content\">\n                <h3>Entr\u00e9e en fonction du pr\u00e9sident Dr. Bruno Walser<\/h3>\n                <p><\/p>\n            <\/div>\n        <\/div>\n <div class=\"timeline-item\">\n            <div class=\"timeline-date\">2012<\/div>\n            <div class=\"timeline-content\">\n                <h3>Mise en place du Conseil des \u00e9l\u00e9ments moins courants<br><br>Admission des \u00e9trangers au conseil de fondation<\/h3>\n                <p><\/p>\n            <\/div>\n        <\/div>\n <div class=\"timeline-item\">\n            <div class=\"timeline-date\">2017<\/div>\n            <div class=\"timeline-content\">\n                <h3>Entr\u00e9e en fonction du pr\u00e9sident Dr. Ernst Lutz<br><br>Installation du bureau de l\u2019ESM \u00e0 Berne sous la direction de Mme Alessandra Hool<br><br>Nouvelle orientation vers le d\u00e9veloppement<br><br>Gestion et participation \u00e0 des projets collaboratifs en Suisse et \u00e0 l\u2019\u00e9tranger<\/h3>\n                <p><\/p>\n            <\/div>\n        <\/div>\n <div class=\"timeline-item\">\n            <div class=\"timeline-date\">2017-2022<\/div>\n            <div class=\"timeline-content\">\n                <h3>Coordination du projet de formation \u00ab Gestion durable des mati\u00e8res premi\u00e8res critiques \u00bb<\/h3>\n                <p>soutenu par EIT Raw Materials<\/p>\n            <\/div>\n        <\/div>\n <div class=\"timeline-item\">\n            <div class=\"timeline-date\">2017-present<\/div>\n            <div class=\"timeline-content\">\n                <h3>Coordination du r\u00e9seau d\u2019experts \u00ab Table ronde internationale sur la criticit\u00e9 des mati\u00e8res premi\u00e8res \u00bb<\/h3>\n                <p>soutenu par EIT Raw Materials<\/p>\n            <\/div>\n        <\/div>\n<div class=\"timeline-item\">\n            <div class=\"timeline-date\">2023-present<\/div>\n            <div class=\"timeline-content\">\n                <h3>Coop\u00e9ration avec les bureaux f\u00e9d\u00e9raux Suisse<\/h3>\n                <p><\/p>\n            <\/div>\n        <\/div>\n        <!-- Add more timeline items as needed -->\n    <\/div>\n\n<\/div>\n  <script src=\"\/wp-content\/themes\/greennature-child\/custom.js\"><\/script>\n\n\n\n<p>Apr\u00e8s la Seconde Guerre mondiale,&nbsp;Gaston F. Dubois, un chimiste suisse qui avait auparavant exerc\u00e9 des fonctions dirigeantes au sein de la soci\u00e9t\u00e9 agrochimique Monsanto aux \u00c9tats-Unis, s\u2019est inqui\u00e9t\u00e9 de la d\u00e9pendance de la Suisse aux approvisionnements \u00e9trangers en mat\u00e9riaux. Le 15 d\u00e9cembre 1951, il fonde la&nbsp;ESM Foundation&nbsp;(\u00ab&nbsp;<em>Entwicklungsfonds Seltene Metalle<\/em>&nbsp;\u00bb en allemand) \u00e0 Zurich, avec lui-m\u00eame, le professeur E. Baumann de l\u2019ETH Zurich, et le Dr O. Zipfel \u2014 \u00e0 l\u2019\u00e9poque d\u00e9l\u00e9gu\u00e9 du Conseil F\u00e9d\u00e9ral pour la cr\u00e9ation d\u2019emplois \u2014 comme premiers membres du conseil, et le Dr O.H. Messner, consultant industriel, comme premier pr\u00e9sident du conseil de fondation.&nbsp;<\/p>\n\n\n\n<p>Selon ses statuts r\u00e9dig\u00e9s il y a plus de 70 ans, la fondation a pour objectif de&nbsp;soutenir et de conduire des recherches et investigations&nbsp;dans le domaine des m\u00e9taux rares, en vue de leur utilisation industrielle. Depuis sa cr\u00e9ation, la Fondation ESM a soutenu plus de&nbsp;30 projets de recherche&nbsp;dans des domaines o\u00f9 des m\u00e9taux rares jouent un r\u00f4le crucial.&nbsp;&nbsp;<\/p>\n\n\n\n<p>Lors de la cr\u00e9ation de l\u2019ESM, les p\u00e8res fondateurs avaient pour ambition de cr\u00e9er de nouvelles industries dans le domaine des \u00ab m\u00e9taux rares \u00bb et, ce faisant, de&nbsp;g\u00e9n\u00e9rer de nouveaux emplois. En finan\u00e7ant la recherche et le d\u00e9veloppement, il \u00e9tait envisag\u00e9 de favoriser l\u2019exploitation et la valorisation des r\u00e9sultats obtenus, conduisant \u00e0 des innovations et \u00e0 des produits commercialisables.&nbsp;<\/p>\n\n\n\n<p>Aujourd\u2019hui, l\u2019ESM poursuit le travail de ses fondateurs, en r\u00e9unissant des id\u00e9es nouvelles concernant les m\u00e9taux rares et critiques et leur port\u00e9e strat\u00e9gique dans les domaines de la science et de l\u2019ing\u00e9nierie.&nbsp;<\/p>\n\n\n\n<p><\/p>\n\n\n\n<div class=\"wp-block-buttons is-layout-flex wp-block-buttons-is-layout-flex\">\n<div class=\"wp-block-button is-style-outline is-style-outline--86584933800ad1af34a8edee52dd5c07\"><a class=\"wp-block-button__link wp-element-button\" href=\"https:\/\/esmfoundation.org\/fr\/qui-sommes-nous\/notre-histoire\/\">En savoir plus<\/a><\/div>\n<\/div>\n","protected":false},"excerpt":{"rendered":"<p>Conf\u00e9rence: \u00ab Approvisionnement durable en mati\u00e8res premi\u00e8res critiques et en composants pour l\u2019avenir de la Suisse en tant que p\u00f4le technologique \u00bb Le 13 mai, nous discuterons de l&rsquo;importance strat\u00e9gique des mati\u00e8res premi\u00e8res critiques en Suisse avec des personnalit\u00e9s du monde politique : Elisabeth Schneider-Schneiter, conseill\u00e8re nationale et pr\u00e9sidente de la Chambre de commerce des&#8230; <\/p>\n<div class=\"clear\"><\/div>\n<p><a href=\"https:\/\/esmfoundation.org\/fr\/\" class=\"excerpt-read-more\">Read More<\/a><\/p>\n","protected":false},"author":395,"featured_media":0,"parent":0,"menu_order":0,"comment_status":"closed","ping_status":"closed","template":"","meta":{"_ti_tpc_template_sync":false,"_ti_tpc_template_id":"","footnotes":""},"class_list":["post-5791","page","type-page","status-publish","hentry"],"_links":{"self":[{"href":"https:\/\/esmfoundation.org\/fr\/wp-json\/wp\/v2\/pages\/5791"}],"collection":[{"href":"https:\/\/esmfoundation.org\/fr\/wp-json\/wp\/v2\/pages"}],"about":[{"href":"https:\/\/esmfoundation.org\/fr\/wp-json\/wp\/v2\/types\/page"}],"author":[{"embeddable":true,"href":"https:\/\/esmfoundation.org\/fr\/wp-json\/wp\/v2\/users\/395"}],"replies":[{"embeddable":true,"href":"https:\/\/esmfoundation.org\/fr\/wp-json\/wp\/v2\/comments?post=5791"}],"version-history":[{"count":9,"href":"https:\/\/esmfoundation.org\/fr\/wp-json\/wp\/v2\/pages\/5791\/revisions"}],"predecessor-version":[{"id":6544,"href":"https:\/\/esmfoundation.org\/fr\/wp-json\/wp\/v2\/pages\/5791\/revisions\/6544"}],"wp:attachment":[{"href":"https:\/\/esmfoundation.org\/fr\/wp-json\/wp\/v2\/media?parent=5791"}],"curies":[{"name":"wp","href":"https:\/\/api.w.org\/{rel}","templated":true}]}}