{"id":6137,"date":"2024-04-18T21:20:01","date_gmt":"2024-04-18T19:20:01","guid":{"rendered":"https:\/\/esmfoundation.org\/datenschutz\/"},"modified":"2026-02-16T17:05:39","modified_gmt":"2026-02-16T16:05:39","slug":"datenschutz","status":"publish","type":"page","link":"https:\/\/esmfoundation.org\/fr\/datenschutz\/","title":{"rendered":"D\u00e9claration de protection des donn\u00e9es"},"content":{"rendered":"\n<h4 class=\"wp-block-heading\"><strong>1. Introduction<\/strong><\/h4>\n\n\n\n<p>La pr\u00e9sente d\u00e9claration de protection des donn\u00e9es s\u2019applique \u00e0 la Fondation ESM, ci-apr\u00e8s d\u00e9nomm\u00e9e \u00ab nous \u00bb, dont le si\u00e8ge est situ\u00e9 Junkerngasse 56, CH-3011 Berne.<\/p>\n\n\n\n<p>Nous sommes conscients de l\u2019importance de la protection des donn\u00e9es personnelles et nous nous engageons \u00e0 respecter la vie priv\u00e9e des visiteurs du site web de l\u2019ESM ainsi que celle de nos partenaires commerciaux. La pr\u00e9sente d\u00e9claration de protection des donn\u00e9es explique comment nous traitons les donn\u00e9es personnelles que nous collectons dans le cadre de votre visite sur notre site internet esmfoundation.org et au cours de nos relations d\u2019affaires, et vous informe de vos droits. Ces droits sont r\u00e9gis par les lois applicables en mati\u00e8re de protection des donn\u00e9es.<\/p>\n\n\n\n<p>En poursuivant l\u2019utilisation de notre site web, vous acceptez les pratiques d\u00e9crites dans la pr\u00e9sente politique de confidentialit\u00e9.<\/p>\n\n\n\n<hr class=\"wp-block-separator has-alpha-channel-opacity\"\/>\n\n\n\n<p><strong>2. Champ d\u2019application<\/strong><\/p>\n\n\n\n<p>La pr\u00e9sente politique de confidentialit\u00e9 s\u2019applique \u00e0 toutes les personnes qui visitent notre site web ou qui entrent en contact avec nous en Suisse et dans l\u2019Union europ\u00e9enne (UE).<\/p>\n\n\n\n<hr class=\"wp-block-separator has-alpha-channel-opacity\"\/>\n\n\n\n<p><strong>3. Responsable du traitement<\/strong><\/p>\n\n\n\n<p>Le responsable du traitement des donn\u00e9es au sens de la l\u00e9gislation sur la protection des donn\u00e9es est :<\/p>\n\n\n\n<p>Fondation ESM<br>Junkerngasse 56<br>CH-3011 Berne<br><a href=\"mailto:info@esmfoundation.org\">info@esmfoundation.org<\/a><br>+41 31 311 01 68<\/p>\n\n\n\n<hr class=\"wp-block-separator has-alpha-channel-opacity\"\/>\n\n\n\n<p><strong>4. Collecte et traitement des donn\u00e9es personnelles<\/strong><\/p>\n\n\n\n<p>Les donn\u00e9es personnelles sont toutes les informations se rapportant \u00e0 une personne physique identifi\u00e9e ou identifiable.<\/p>\n\n\n\n<p>Nous collectons et traitons des donn\u00e9es personnelles uniquement dans la mesure n\u00e9cessaire \u00e0 la mise \u00e0 disposition d\u2019un site web fonctionnel ainsi que de nos contenus et prestations. Le traitement est effectu\u00e9 sur la base de votre consentement, pour l\u2019ex\u00e9cution d\u2019un contrat ou de mesures pr\u00e9contractuelles, ainsi que pour la sauvegarde de nos int\u00e9r\u00eats l\u00e9gitimes.<\/p>\n\n\n\n<p>Les donn\u00e9es peuvent \u00eatre collect\u00e9es et trait\u00e9es aux fins suivantes :<\/p>\n\n\n\n<ul class=\"wp-block-list\">\n<li>analyser et am\u00e9liorer notre offre et notre site web ;<\/li>\n\n\n\n<li>satisfaire \u00e0 des obligations l\u00e9gales.<\/li>\n<\/ul>\n\n\n\n<hr class=\"wp-block-separator has-alpha-channel-opacity\"\/>\n\n\n\n<p><strong>4.1 Fichiers journaux (logfiles)<\/strong><\/p>\n\n\n\n<p>Notre site web est h\u00e9berg\u00e9 par Devault (Seftigenstrasse 310, CH-3084 Wabern).<\/p>\n\n\n\n<p>Afin d\u2019optimiser et de maintenir notre site web, nous enregistrons les erreurs techniques pouvant survenir lors de l\u2019acc\u00e8s \u00e0 notre site. En outre, lors de l\u2019utilisation de ce site, des informations sont automatiquement transmises par le navigateur de votre appareil \u00e0 notre h\u00e9bergeur. Ces informations comprennent notamment :<\/p>\n\n\n\n<ul class=\"wp-block-list\">\n<li>l\u2019adresse IP et le syst\u00e8me d\u2019exploitation de votre appareil ;<\/li>\n\n\n\n<li>le type, la version et la langue du navigateur ;<\/li>\n\n\n\n<li>la date et l\u2019heure de la requ\u00eate au serveur ;<\/li>\n\n\n\n<li>le fichier consult\u00e9 ;<\/li>\n\n\n\n<li>le site web \u00e0 partir duquel l\u2019acc\u00e8s a eu lieu (URL de r\u00e9f\u00e9rence) ;<\/li>\n\n\n\n<li>le code d\u2019\u00e9tat (par exemple 404) ;<\/li>\n\n\n\n<li>le protocole de transmission utilis\u00e9 (par exemple HTTP\/2).<\/li>\n<\/ul>\n\n\n\n<p>Ces donn\u00e9es sont collect\u00e9es et conserv\u00e9es par notre h\u00e9bergeur afin d\u2019optimiser les processus et les proc\u00e9dures, notamment en lien avec l\u2019utilisation de notre site web ainsi qu\u2019avec la s\u00e9curit\u00e9 et la stabilit\u00e9 du syst\u00e8me informatique.<\/p>\n\n\n\n<p>Lorsque le RGPD est applicable, la base juridique de ce traitement est l\u2019article 6, paragraphe 1, lettre f du RGPD.<\/p>\n\n\n\n<hr class=\"wp-block-separator has-alpha-channel-opacity\"\/>\n\n\n\n<p><strong>5. Transmission des donn\u00e9es \u00e0 des tiers<\/strong><\/p>\n\n\n\n<p>Afin de vous fournir les informations disponibles sur notre site web, nous collaborons avec diff\u00e9rents prestataires de services, notamment des prestataires informatiques, afin de proposer un site moderne. Ceux-ci utilisent vos donn\u00e9es exclusivement dans le cadre de l\u2019ex\u00e9cution de leurs prestations pour notre compte.<\/p>\n\n\n\n<p>Nous pouvons transmettre vos donn\u00e9es personnelles :<\/p>\n\n\n\n<ul class=\"wp-block-list\">\n<li><strong>Aux prestataires de services<\/strong>\u00a0: nous pouvons mandater des prestataires tiers pour nous assister dans l\u2019organisation de conf\u00e9rences et de formations ainsi que dans la fourniture de services ;<\/li>\n\n\n\n<li><strong>Pour respecter la loi<\/strong>\u00a0: nous pouvons divulguer vos donn\u00e9es afin de satisfaire \u00e0 des exigences l\u00e9gales ou de r\u00e9pondre \u00e0 des demandes l\u00e9gitimes des autorit\u00e9s publiques.<\/li>\n<\/ul>\n\n\n\n<p>En dehors des dispositions mentionn\u00e9es \u00e0 la section 4.4 de la pr\u00e9sente politique de confidentialit\u00e9, nous ne transmettons des donn\u00e9es \u00e0 des entit\u00e9s situ\u00e9es en dehors de la Suisse et de l\u2019Union europ\u00e9enne (pays tiers) sans votre consentement que si cela est n\u00e9cessaire \u00e0 l\u2019ex\u00e9cution du contrat concern\u00e9, au respect d\u2019obligations l\u00e9gales ou \u00e0 la sauvegarde de nos int\u00e9r\u00eats l\u00e9gitimes.<\/p>\n\n\n\n<hr class=\"wp-block-separator has-alpha-channel-opacity\"\/>\n\n\n\n<p><strong>6. Base juridique<\/strong><\/p>\n\n\n\n<p>Nous traitons vos donn\u00e9es sur les bases juridiques suivantes :<\/p>\n\n\n\n<ul class=\"wp-block-list\">\n<li>votre consentement (art. 6, par. 1, let. a RGPD) ;<\/li>\n\n\n\n<li>l\u2019ex\u00e9cution d\u2019un contrat ou de mesures pr\u00e9contractuelles (art. 6, par. 1, let. b RGPD) ;<\/li>\n\n\n\n<li>la sauvegarde d\u2019int\u00e9r\u00eats l\u00e9gitimes (art. 6, par. 1, let. f RGPD), dans la mesure o\u00f9 vos int\u00e9r\u00eats ou droits et libert\u00e9s fondamentaux ne pr\u00e9valent pas.<\/li>\n<\/ul>\n\n\n\n<hr class=\"wp-block-separator has-alpha-channel-opacity\"\/>\n\n\n\n<p><strong>7. S\u00e9curit\u00e9 des donn\u00e9es<\/strong><\/p>\n\n\n\n<p>Nous mettons en \u0153uvre des mesures techniques et organisationnelles appropri\u00e9es afin de prot\u00e9ger vos donn\u00e9es contre toute manipulation accidentelle ou intentionnelle, perte partielle ou totale, destruction ou acc\u00e8s non autoris\u00e9 par des tiers.<\/p>\n\n\n\n<hr class=\"wp-block-separator has-alpha-channel-opacity\"\/>\n\n\n\n<p><strong>8. Vos droits<\/strong><\/p>\n\n\n\n<p>Conform\u00e9ment au droit applicable en mati\u00e8re de protection des donn\u00e9es, vous pouvez demander gratuitement des informations sur les donn\u00e9es vous concernant que nous avons enregistr\u00e9es, leur origine, leurs destinataires ainsi que la finalit\u00e9 du traitement.<\/p>\n\n\n\n<p>Sous r\u00e9serve des conditions l\u00e9gales applicables, vous disposez \u00e9galement du droit de rectification, d\u2019effacement, de limitation du traitement ou d\u2019opposition au traitement de vos donn\u00e9es et, lorsque le RGPD est applicable, du droit \u00e0 la portabilit\u00e9 des donn\u00e9es.<\/p>\n\n\n\n<p>Vous pouvez retirer \u00e0 tout moment un consentement donn\u00e9, avec effet pour l\u2019avenir, par simple communication informelle par e-mail.<\/p>\n\n\n\n<p>Veuillez noter que les droits susmentionn\u00e9s peuvent \u00eatre soumis \u00e0 des limitations l\u00e9gales et que leur exercice peut affecter ou emp\u00eacher la fourniture de nos prestations.<\/p>\n\n\n\n<p>Vous avez \u00e9galement le droit de faire valoir vos droits en justice ou de d\u00e9poser une plainte aupr\u00e8s de l\u2019autorit\u00e9 de surveillance comp\u00e9tente. En Suisse, l\u2019autorit\u00e9 comp\u00e9tente est le Pr\u00e9pos\u00e9 f\u00e9d\u00e9ral \u00e0 la protection des donn\u00e9es et \u00e0 la transparence (<a href=\"http:\/\/www.edoeb.admin.ch\/\">http:\/\/www.edoeb.admin.ch<\/a>).<\/p>\n\n\n\n<p>Vous disposez notamment des droits suivants :<\/p>\n\n\n\n<ul class=\"wp-block-list\">\n<li>droit d\u2019acc\u00e8s ;<\/li>\n\n\n\n<li>droit de rectification ;<\/li>\n\n\n\n<li>droit \u00e0 l\u2019effacement ;<\/li>\n\n\n\n<li>droit \u00e0 la limitation du traitement ;<\/li>\n\n\n\n<li>droit \u00e0 la portabilit\u00e9 des donn\u00e9es ;<\/li>\n\n\n\n<li>droit d\u2019opposition au traitement ;<\/li>\n\n\n\n<li>droit de retirer votre consentement ;<\/li>\n\n\n\n<li>droit d\u2019introduire une r\u00e9clamation aupr\u00e8s d\u2019une autorit\u00e9 de contr\u00f4le.<\/li>\n<\/ul>\n\n\n\n<p>Pour exercer ces droits ou pour toute question relative \u00e0 vos donn\u00e9es, veuillez nous contacter \u00e0 l\u2019adresse suivante :&nbsp;<a href=\"mailto:info@esmfoundation.org\">info@esmfoundation.org<\/a>.<\/p>\n\n\n\n<hr class=\"wp-block-separator has-alpha-channel-opacity\"\/>\n\n\n\n<p><strong>9. Services externes<\/strong><\/p>\n\n\n\n<p>Nous utilisons sur notre site web les services tiers suivants. Ci-dessous, nous pr\u00e9cisons de quels services il s\u2019agit, \u00e0 quelles fins ils sont utilis\u00e9s et quelles donn\u00e9es peuvent \u00eatre collect\u00e9es.<\/p>\n\n\n\n<p><strong>Smart Slider<\/strong>&nbsp;: nous utilisons Smart Slider pour cr\u00e9er et g\u00e9rer des diaporamas sur notre site web. Pour plus d\u2019informations sur le traitement des donn\u00e9es par Smart Slider, veuillez consulter :&nbsp;<a href=\"https:\/\/nextendweb.com\/privacy-policy\/\">https:\/\/nextendweb.com\/privacy-policy\/<\/a>.<\/p>\n\n\n\n<p>Lorsque le RGPD est applicable, la base juridique du traitement est l\u2019article 6, paragraphe 1, lettre a, b ou f du RGPD.<\/p>\n\n\n\n<hr class=\"wp-block-separator has-alpha-channel-opacity\"\/>\n\n\n\n<p><strong>10. Liens<\/strong><\/p>\n\n\n\n<p>Notre site web contient des liens vers des sites internet de tiers. Nous ne sommes pas responsables du contenu ni des pratiques en mati\u00e8re de protection des donn\u00e9es des sites externes accessibles via ces liens. Nous vous invitons \u00e0 consulter les politiques de confidentialit\u00e9 des sites concern\u00e9s.<\/p>\n\n\n\n<hr class=\"wp-block-separator has-alpha-channel-opacity\"\/>\n\n\n\n<p><strong>11. Modification de la d\u00e9claration de protection des donn\u00e9es<\/strong><\/p>\n\n\n\n<p>Nous nous r\u00e9servons le droit de modifier la pr\u00e9sente politique de confidentialit\u00e9 afin de l\u2019adapter \u00e0 des modifications l\u00e9gales ou \u00e0 des \u00e9volutions de notre site web et de nos traitements de donn\u00e9es.<\/p>\n\n\n\n<hr class=\"wp-block-separator has-alpha-channel-opacity\"\/>\n\n\n\n<p><strong>12. Contact<\/strong><\/p>\n\n\n\n<p>Pour toute question concernant la collecte, le traitement ou l\u2019utilisation de vos donn\u00e9es personnelles, pour toute demande d\u2019information, de rectification, de blocage ou de suppression des donn\u00e9es ainsi que pour le retrait d\u2019un consentement accord\u00e9, veuillez contacter :<\/p>\n\n\n\n<p>Fondation ESM<br>Junkerngasse 56<br>CH-3011 Berne<br><a href=\"mailto:info@esmfoundation.org\">info@esmfoundation.org<\/a><br>+41 31 311 01 68<\/p>\n\n\n\n<p>Derni\u00e8re mise \u00e0 jour : 28 ao\u00fbt 2024.<\/p>\n","protected":false},"excerpt":{"rendered":"<p>1. Introduction La pr\u00e9sente d\u00e9claration de protection des donn\u00e9es s\u2019applique \u00e0 la Fondation ESM, ci-apr\u00e8s d\u00e9nomm\u00e9e \u00ab nous \u00bb, dont le si\u00e8ge est situ\u00e9 Junkerngasse 56, CH-3011 Berne. Nous sommes conscients de l\u2019importance de la protection des donn\u00e9es personnelles et nous nous engageons \u00e0 respecter la vie priv\u00e9e des visiteurs du site web de l\u2019ESM&#8230; <\/p>\n<div class=\"clear\"><\/div>\n<p><a href=\"https:\/\/esmfoundation.org\/fr\/datenschutz\/\" class=\"excerpt-read-more\">Read More<\/a><\/p>\n","protected":false},"author":395,"featured_media":0,"parent":0,"menu_order":7,"comment_status":"closed","ping_status":"closed","template":"","meta":{"_ti_tpc_template_sync":false,"_ti_tpc_template_id":"","footnotes":""},"class_list":["post-6137","page","type-page","status-publish","hentry"],"_links":{"self":[{"href":"https:\/\/esmfoundation.org\/fr\/wp-json\/wp\/v2\/pages\/6137"}],"collection":[{"href":"https:\/\/esmfoundation.org\/fr\/wp-json\/wp\/v2\/pages"}],"about":[{"href":"https:\/\/esmfoundation.org\/fr\/wp-json\/wp\/v2\/types\/page"}],"author":[{"embeddable":true,"href":"https:\/\/esmfoundation.org\/fr\/wp-json\/wp\/v2\/users\/395"}],"replies":[{"embeddable":true,"href":"https:\/\/esmfoundation.org\/fr\/wp-json\/wp\/v2\/comments?post=6137"}],"version-history":[{"count":2,"href":"https:\/\/esmfoundation.org\/fr\/wp-json\/wp\/v2\/pages\/6137\/revisions"}],"predecessor-version":[{"id":6139,"href":"https:\/\/esmfoundation.org\/fr\/wp-json\/wp\/v2\/pages\/6137\/revisions\/6139"}],"wp:attachment":[{"href":"https:\/\/esmfoundation.org\/fr\/wp-json\/wp\/v2\/media?parent=6137"}],"curies":[{"name":"wp","href":"https:\/\/api.w.org\/{rel}","templated":true}]}}